{"id":7493,"date":"2017-11-30T15:27:02","date_gmt":"2017-11-30T15:27:02","guid":{"rendered":"https:\/\/www.sage.com\/es-es\/blog\/glossary\/tipo-de-gravamen\/"},"modified":"2023-01-18T17:05:03","modified_gmt":"2023-01-18T16:05:03","slug":"tipo-de-gravamen","status":"publish","type":"sage_glossary","link":"https:\/\/www.sage.com\/es-es\/blog\/diccionario-empresarial\/tipo-de-gravamen\/","title":{"rendered":"Tipo de gravamen"},"content":{"rendered":"<header class=\"entry-header has-dark-background-color entry-header--has-illustration entry-header--has-illustration--generic\">\n\t<div class=\"container\">\n\t\t<div class=\"entry-header__row row align-center\">\n\t\t\t<div class=\"col col-lg-7 col-xlg-6 entry-header__content\">\n\t\t\t\t\t\t\t<div class=\"component component-single-header\">\n\t\t\t\t\t\t\t\t\t\t<div class=\"entry-header__misc text--subtitle text--uppercase text--small\">\n\t\t\t\t\t\t\t<a href=\"https:\/\/www.sage.com\/es-es\/blog\/diccionario-empresarial\/\" class=\"entry-header__link\">T\u00e9rminos del Diccionario Empresarial<\/a>\t\t\t\t\t\t<\/div>\n\t\t\t\t\n\t\t\t\t<div class=\"entry-title-wrapper\">\n\t\t\t\t\t<h1 class=\"entry-title\">\n\t\t\t\t\t\tTipo de gravamen\t\t\t\t\t<\/h1>\n\t\t\t\t<\/div>\n\n\t\t\t\t\n\t\t\t\t\n\t\t\t\t\n\t\t\t<\/div>\n\n\t\t\t\t\t<\/div>\n\t\t\t\t\t<\/div>\n\t<\/div>\n\t\t<div class=\"single-post-details container\">\n\t\t<div class=\"col\">\n\t\t\t<span class=\"reading-time\"> minutos de lectura<\/span>\n\t\t<button\n\t\t\ttype=\"button\"\n\t\t\tclass=\"social-share-button button button--icon button--secondary js-social-share-button\"\n\t\t\tdata-share-title=\"Tipo de gravamen\"\n\t\t\tdata-share-url=\"https:\/\/www.sage.com\/es-es\/blog\/diccionario-empresarial\/tipo-de-gravamen\/\"\n\t\t\tdata-share-text=\"Please read this interesting article\"\n\t\t>\n\t\t\t<span class=\"social-share-button__share-label\">Compartir<\/span>\n\t\t\t<span class=\"social-share-button__copy-label\" hidden>Copy Link<\/span>\n\t\t\t<span class=\"social-share-button__copy-tooltip\" aria-hidden=\"true\" hidden>Copied<\/span>\n\t\t<\/button>\n\n\t\t\t\t<\/div>\n\t<\/div>\n\t<\/header>\n<div class=\"sage-block-classic-wrapper mb-m\">\n\n<p class=\"x15 mgbot20\">Seg\u00fan el <a href=\"https:\/\/www.boe.es\/buscar\/act.php?id=BOE-A-2003-23186&amp;tn=1&amp;p=20150922&amp;vd=#a55\" target=\"_blank\" rel=\"noopener noreferrer\">art\u00edculo 55 de la Ley General Tributaria<\/a>, el tipo de gravamen o tipo impositivo la cifra, coeficiente o porcentaje que se aplica a la base liquidable para obtener como resultado la cuota \u00edntegra. Los tipos de gravamen pueden ser espec\u00edficos o porcentuales.<!--more--><\/p>\r\n<p class=\"x15 mgbot20\">Los tipos de gravamen espec\u00edficos son cantidades fijas que se aplican sobre las unidades de una base imponible no monetaria. Este tipo de grav\u00e1menes se aplica generalmente en los Impuestos Especiales. EJEMPLO. En el <a href=\"https:\/\/www.sage.com\/es-es\/blog\/diccionario-empresarial\/impuesto\/\">Impuesto<\/a> sobre Hidrocarburos el tipo de gravamen total viene dado por la suma del tipo estatal m\u00e1s el tipo auton\u00f3mico. El tipo estatal para las gasolinas es de 24 euros por cada 1.000 litros y el auton\u00f3mico de, por ejemplo la Comunidad de Madrid, es de 17 euros por cada 1.000 litros. Los tipos de gravamen espec\u00edficos, adem\u00e1s de estar expresados en forma de cuant\u00eda fija tambi\u00e9n pueden establecerse en forma gradual, es decir, se determina una cantidad cuyo importe var\u00eda a lo largo de una escala.<\/p>\r\n<p class=\"x15 mgbot20\">Los tipos de gravamen porcentuales, tambi\u00e9n denominados al\u00edcuotas, son porcentajes que se aplican sobre una base imponible de car\u00e1cter monetario. Los <a href=\"https:\/\/www.sage.com\/es-es\/blog\/tipos-de-sociedades-y-de-impuestos-cual-te-conviene-mas-ebook\/\">tipos de gravamen<\/a> porcentuales pueden ser de tres tipos:<\/p>\r\n<p class=\"x15 mgbot20\">1) Proporcionales, cuando el tipo a aplicar consiste en un porcentaje fijo o \u00fanico.Se caracterizan porque porcentaje a aplicar sobre la base imponible no depende de la cuant\u00eda de dicha base. Un ejemplo ser\u00eda el IVA, con un tipo del 21% independientemente de que la base sea 100 \u20ac (impuesto de 21\u20ac) o 1.000 \u20ac (impuesto de 210\u20ac).<\/p>\r\n<p class=\"x15 mgbot20\">2) Progresivos. Son aquellos en los que existe una escala o tarifa de tipos que var\u00edan en funci\u00f3n de la variaci\u00f3n de la base y el gravamen es m\u00e1s elevado conforme la base aumente hasta un tope m\u00e1ximo, a partir del cual el impuesto vuelve a ser proporcional. Se denomina tarifa al conjunto de tipos de gravamen aplicables a las distintas unidades o tramos de base liquidable en un tributo. La ley podr\u00e1 prever la aplicaci\u00f3n de un tipo cero, as\u00ed como de tipos reducidos o bonificados. El ejemplo m\u00e1s caracter\u00edstico es el IRPF, con tipos escalonados, como podemos ver en la imagen:<\/p>\r\n<p class=\"x15 mgbot20\"><span style=\"color: inherit\">3) Regresivos. Son los que disminuyen al aumentar la <a href=\"https:\/\/www.sage.com\/es-es\/blog\/diccionario-empresarial\/base-imponible\/\">base imponible<\/a>. En nuestro ordenamiento no existe ning\u00fan impuesto al que se aplique las al\u00edcuotas regresivas.<\/span><\/p>\n<\/div><section class=\"more-topics alignfull has-grey-light-background-color wp-block-sage-post-topics\">\n\t<div class=\"container\">\n\t\t<div class=\"row\">\n\t\t\t<div class=\"col col-12 col-lg-4\">\n\t\t\t\t<h3 class=\"more-topics__title h2\">Encuentra m\u00e1s art\u00edculos sobre estas tem\u00e1ticas<\/h3>\n\t\t\t<\/div>\n\t\t\t<div class=\"col col-12 col-lg-8\">\n\t\t\t\t<ul class=\"post-tags__list\">\n\t\t\t\t\t\t\t\t\t\t\t<li class=\"post-tags__item\">\n\t\t\t\t\t\t\t<a href=\"https:\/\/www.sage.com\/es-es\/blog\/tag\/asesorias-y-despachos-profesionales\/\" class=\"post-tags__link button button--secondary\">\n\t\t\t\t\t\t\t\tAsesor\u00edas y despachos profesionales\t\t\t\t\t\t\t<\/a>\n\t\t\t\t\t\t<\/li>\n\t\t\t\t\t\t\t\t\t\t\t<li class=\"post-tags__item\">\n\t\t\t\t\t\t\t<a href=\"https:\/\/www.sage.com\/es-es\/blog\/tag\/impuestos\/\" class=\"post-tags__link button button--secondary\">\n\t\t\t\t\t\t\t\tImpuestos\t\t\t\t\t\t\t<\/a>\n\t\t\t\t\t\t<\/li>\n\t\t\t\t\t\t\t\t\t<\/ul>\n\t\t\t<\/div>\n\t\t<\/div>\n\t<\/div>\n<\/section>\n\n<div class=\"alignfull wp-block-sage-related-posts\">\n\t<section class=\"related-posts card-grid has-dark-background-color\">\n\t<div class=\"container\">\n\t\t\t\t\t<div class=\"row\">\n\t\t\t\t<div class=\"col\">\n\t\t\t\t\t<h2 class=\"related-posts__heading related-posts__heading--featured h1\">Encuentra m\u00e1s consejos<\/h2>\n\t\t\t\t<\/div>\n\t\t\t<\/div>\n\n\t\t\t<div class=\"row related-posts__featured\">\n\t\t\t\t<div class=\"col card-grid__item\">\n\t\t\t\t\t<article\n\t\tclass=\"card-post related-post related-post-0 post-31836 post type-post status-publish format-standard has-post-thumbnail hentry category-asesorias-despachos-profesionales category-estrategia-gestion tag-asesorias-y-despachos-profesionales tag-factura-electronica tag-antifraude business_type-pequena-empresa business_type-mediana-empresa business_type-asesorias-despachos-profesionales card-post--is-clickable\"\n>\n\t<div class=\"card-post__media-wrapper\">\n\t\t<figure class=\"card-post__media\">\n\t\t\t\t\t\t\t<img decoding=\"async\" width=\"1440\" height=\"810\" src=\"https:\/\/www.sage.com\/es-es\/blog\/wp-content\/uploads\/sites\/8\/2022\/04\/GettyImages-1327494174-1440x810.jpg\" class=\"card-post__image\" alt=\"Chica haciendo una presentaci\u00f3n\" loading=\"lazy\" srcset=\"https:\/\/www.sage.com\/es-es\/blog\/wp-content\/uploads\/sites\/8\/2022\/04\/GettyImages-1327494174-684x384.jpg 684w, https:\/\/www.sage.com\/es-es\/blog\/wp-content\/uploads\/sites\/8\/2022\/04\/GettyImages-1327494174-768x432.jpg 768w, https:\/\/www.sage.com\/es-es\/blog\/wp-content\/uploads\/sites\/8\/2022\/04\/GettyImages-1327494174-1440x810.jpg 1440w\" sizes=\"auto, (min-width: 48em) 250px, (min-width: 30em) 100vw, 100vw\" \/>\t\t\t\n\t\t\t\n\t\t\t\t\t<\/figure>\n\t<\/div>\n\n\t<div class=\"card-post__content\">\n\t\t\t\t\t<div class=\"card-post__label\">Recomendado<\/div>\n\t\t\n\t\t\t\t\t<div class=\"card-post__meta\">\n\t\t\t\t\t\t\t\t\t\t\t\t\t\t\t\t\t\t\t<span class=\"card-post__meta-text\"><span class=\"posted-on \"><time class=\"entry-date published\" datetime=\"2026-08-28T10:47:27+02:00\">28 agosto, 2026<\/time><\/span><\/span>\n\t\t\t\t\t\t\t\t\t\t\t<span class=\"card-post__meta-text\"><span class=\"reading-time\">10 minutos de lectura<\/span><\/span>\n\t\t\t\t\t\t\t\t\t\t\t\t<\/div>\n\t\t\n\t\t<p class=\"card-post__title h3\">\n\t\t\t\t\t\t\t<a\n\t\t\t\t\tclass=\"card-post__title-link\"\n\t\t\t\t\thref=\"https:\/\/www.sage.com\/es-es\/blog\/entrada-en-vigor-por-que-usar-software-verifactu-ready\/\"\n\t\t\t\t>\n\t\t\t\n\t\t\tSoftware VERI*FACTU Ready: por qu\u00e9 conviene prepararse antes de 2027\n\t\t\t\t\t\t\t<\/a>\n\t\t\t\t\t<\/p>\n\n\t\t\n\t\t\t\t\t<p class=\"card-post__description\">\n\t\t\t\tPreparar con antelaci\u00f3n la adaptaci\u00f3n a VERI*FACTU permite revisar el software, las integraciones y los procesos internos antes de los plazos obligatorios de 2027.\t\t\t<\/p>\n\t\t\n\t\t\t<\/div>\n\n\t<\/article>\n\t\t\t\t<\/div>\n\t\t\t<\/div>\n\t\t\n\t\t\t\t\t<div class=\"row related-posts__non-featured\">\n\t\t\t\t<div class=\"col col-12\">\n\t\t\t\t\t<h2 class=\"related-posts__heading related-posts__heading--more h4\">M\u00e1s sobre esta tem\u00e1tica<\/h2>\n\t\t\t\t<\/div>\n\n\t\t\t\t\n\t\t\t\t\t<div class=\"col col-6 col-lg-3 card-grid__item\">\n\t\t\t\t\t\t<article\n\t\tclass=\"card-post related-post related-post-1 post-5755 post type-post status-publish format-standard has-post-thumbnail hentry category-asesorias-despachos-profesionales tag-asesorias-y-despachos-profesionales tag-iva tag-liquidez tag-modelos business_type-asesorias-despachos-profesionales\"\n>\n\t\t\t<a\n\t\t\tclass=\"card-post__link\"\n\t\t\thref=\"https:\/\/www.sage.com\/es-es\/blog\/como-preparar-la-liquidacion-trimestral-de-iva-irpf-y-pago-fraccionado-del-is\/\"\n\t\t\t\t\t>\n\t\t\t<figure class=\"card-post__media\">\n\t\t\t\t\t\t\t<img decoding=\"async\" width=\"684\" height=\"384\" src=\"https:\/\/www.sage.com\/es-es\/blog\/wp-content\/uploads\/sites\/8\/2021\/09\/GettyImages-625190832-OK-684x384.jpg\" class=\"card-post__image\" alt=\"Sage\" loading=\"lazy\" srcset=\"https:\/\/www.sage.com\/es-es\/blog\/wp-content\/uploads\/sites\/8\/2021\/09\/GettyImages-625190832-OK-684x384.jpg 684w, https:\/\/www.sage.com\/es-es\/blog\/wp-content\/uploads\/sites\/8\/2021\/09\/GettyImages-625190832-OK-768x513.jpg 768w, https:\/\/www.sage.com\/es-es\/blog\/wp-content\/uploads\/sites\/8\/2021\/09\/GettyImages-625190832-OK-1214x810.jpg 1214w\" sizes=\"auto, (min-width: 48em) 250px, (min-width: 30em) 100vw, 100vw\" \/>\t\t\t\n\t\t\t\n\t\t\t\t\t<\/figure>\n\n\t\t\n\t\t\t\t\t<div class=\"card-post__meta\">\n\t\t\t\t\t\t\t\t\t\t\t\t\t\t\t\t\t\t\t\t\t\t\t\t\t\t<span class=\"card-post__meta-text\"><span class=\"posted-on \"><time class=\"entry-date published\" datetime=\"2026-08-25T09:19:02+02:00\">25 agosto, 2026<\/time><\/span><\/span>\n\t\t\t\t\t\t\t\t\t\t\t\t\t\t\t\t\t\t\t\t\t\t\t\t<span class=\"card-post__meta-text\"><span class=\"reading-time\">9 minutos de lectura<\/span><\/span>\n\t\t\t\t\t\t\t\t\t\t\t\t\t\t\t\t\t\t<\/div>\n\t\t\n\t\t<p class=\"card-post__title h5\">\n\t\t\tC\u00f3mo preparar las liquidaciones trimestrales de IVA, IRPF e IS sin saturar tu despacho\t\t<\/p>\n\n\t\t\t<\/a>\n\t\n\t\n\t\t\n\t\n\t<\/article>\n\t\t\t\t\t<\/div>\n\t\t\t\t\n\t\t\t\t\t<div class=\"col col-6 col-lg-3 card-grid__item\">\n\t\t\t\t\t\t<article\n\t\tclass=\"card-post related-post related-post-2 post-15409 post type-post status-publish format-standard has-post-thumbnail hentry category-finanzas tag-asesorias-y-despachos-profesionales tag-contabilidad tag-flujo-de-caja tag-tesoreria business_type-pequena-empresa\"\n>\n\t\t\t<a\n\t\t\tclass=\"card-post__link\"\n\t\t\thref=\"https:\/\/www.sage.com\/es-es\/blog\/9-pasos-a-seguir-para-poner-la-contabilidad-al-dia-a-la-vuelta-de-vacaciones\/\"\n\t\t\t\t\t>\n\t\t\t<figure class=\"card-post__media\">\n\t\t\t\t\t\t\t<img decoding=\"async\" width=\"684\" height=\"384\" src=\"https:\/\/www.sage.com\/es-es\/blog\/wp-content\/uploads\/sites\/8\/2022\/04\/GettyImages-667613797-684x384.jpg\" class=\"card-post__image\" alt=\"Sage\" loading=\"lazy\" srcset=\"https:\/\/www.sage.com\/es-es\/blog\/wp-content\/uploads\/sites\/8\/2022\/04\/GettyImages-667613797-684x384.jpg 684w, https:\/\/www.sage.com\/es-es\/blog\/wp-content\/uploads\/sites\/8\/2022\/04\/GettyImages-667613797-768x432.jpg 768w, https:\/\/www.sage.com\/es-es\/blog\/wp-content\/uploads\/sites\/8\/2022\/04\/GettyImages-667613797-1440x810.jpg 1440w\" sizes=\"auto, (min-width: 48em) 250px, (min-width: 30em) 100vw, 100vw\" \/>\t\t\t\n\t\t\t\n\t\t\t\t\t<\/figure>\n\n\t\t\n\t\t\t\t\t<div class=\"card-post__meta\">\n\t\t\t\t\t\t\t\t\t\t\t\t\t\t\t\t\t\t\t\t\t\t\t\t\t\t<span class=\"card-post__meta-text\"><span class=\"posted-on \"><time class=\"entry-date published\" datetime=\"2026-08-18T09:08:13+02:00\">18 agosto, 2026<\/time><\/span><\/span>\n\t\t\t\t\t\t\t\t\t\t\t\t\t\t\t\t\t\t\t\t\t\t\t\t<span class=\"card-post__meta-text\"><span class=\"reading-time\">11 minutos de lectura<\/span><\/span>\n\t\t\t\t\t\t\t\t\t\t\t\t\t\t\t\t\t\t<\/div>\n\t\t\n\t\t<p class=\"card-post__title h5\">\n\t\t\tC\u00f3mo poner la contabilidad al d\u00eda despu\u00e9s de las vacaciones: 9 pasos\t\t<\/p>\n\n\t\t\t<\/a>\n\t\n\t\n\t\t\n\t\n\t<\/article>\n\t\t\t\t\t<\/div>\n\t\t\t\t\n\t\t\t\t\t<div class=\"col col-6 col-lg-3 card-grid__item\">\n\t\t\t\t\t\t<article\n\t\tclass=\"card-post related-post related-post-3 post-39265 post type-post status-publish format-standard has-post-thumbnail hentry category-asesorias-despachos-profesionales tag-asesorias-y-despachos-profesionales business_type-asesorias-despachos-profesionales\"\n>\n\t\t\t<a\n\t\t\tclass=\"card-post__link\"\n\t\t\thref=\"https:\/\/www.sage.com\/es-es\/blog\/software-para-asesorias-despacho-conectado\/\"\n\t\t\t\t\t>\n\t\t\t<figure class=\"card-post__media\">\n\t\t\t\t\t\t\t<img decoding=\"async\" width=\"684\" height=\"384\" src=\"https:\/\/www.sage.com\/es-es\/blog\/wp-content\/uploads\/sites\/8\/2021\/07\/BrandShootUK_Dec2022_SmallAccounting_0569-original_LOW-684x384.jpg\" class=\"card-post__image\" alt=\"Chica en la oficina hablando por tel\u00e9fono.\" loading=\"lazy\" srcset=\"https:\/\/www.sage.com\/es-es\/blog\/wp-content\/uploads\/sites\/8\/2021\/07\/BrandShootUK_Dec2022_SmallAccounting_0569-original_LOW-684x384.jpg 684w, https:\/\/www.sage.com\/es-es\/blog\/wp-content\/uploads\/sites\/8\/2021\/07\/BrandShootUK_Dec2022_SmallAccounting_0569-original_LOW-768x512.jpg 768w, https:\/\/www.sage.com\/es-es\/blog\/wp-content\/uploads\/sites\/8\/2021\/07\/BrandShootUK_Dec2022_SmallAccounting_0569-original_LOW-1215x810.jpg 1215w\" sizes=\"auto, (min-width: 48em) 250px, (min-width: 30em) 100vw, 100vw\" \/>\t\t\t\n\t\t\t\n\t\t\t\t\t<\/figure>\n\n\t\t\n\t\t\t\t\t<div class=\"card-post__meta\">\n\t\t\t\t\t\t\t\t\t\t\t\t\t\t\t\t\t\t\t\t\t\t\t\t\t\t<span class=\"card-post__meta-text\"><span class=\"posted-on \"><time class=\"entry-date published\" datetime=\"2026-08-10T10:50:21+02:00\">10 agosto, 2026<\/time><\/span><\/span>\n\t\t\t\t\t\t\t\t\t\t\t\t\t\t\t\t\t\t\t\t\t\t\t\t<span class=\"card-post__meta-text\"><span class=\"reading-time\">12 minutos de lectura<\/span><\/span>\n\t\t\t\t\t\t\t\t\t\t\t\t\t\t\t\t\t\t<\/div>\n\t\t\n\t\t<p class=\"card-post__title h5\">\n\t\t\tSoftware para asesor\u00edas: despacho conectado vs. modelo tradicional\t\t<\/p>\n\n\t\t\t<\/a>\n\t\n\t\n\t\t\n\t\n\t<\/article>\n\t\t\t\t\t<\/div>\n\t\t\t\t\n\t\t\t\t\t<div class=\"col col-6 col-lg-3 card-grid__item\">\n\t\t\t\t\t\t<article\n\t\tclass=\"card-post related-post related-post-4 post-39125 post type-post status-publish format-standard has-post-thumbnail hentry category-asesorias-despachos-profesionales tag-asesorias-y-despachos-profesionales tag-tecnologia business_type-asesorias-despachos-profesionales\"\n>\n\t\t\t<a\n\t\t\tclass=\"card-post__link\"\n\t\t\thref=\"https:\/\/www.sage.com\/es-es\/blog\/software-para-asesorias-y-despachos\/\"\n\t\t\t\t\t>\n\t\t\t<figure class=\"card-post__media\">\n\t\t\t\t\t\t\t<img decoding=\"async\" width=\"684\" height=\"384\" src=\"https:\/\/www.sage.com\/es-es\/blog\/wp-content\/uploads\/sites\/8\/2023\/09\/GettyImages-1409751960-684x384.jpg\" class=\"card-post__image\" alt=\"Sage\" loading=\"lazy\" srcset=\"https:\/\/www.sage.com\/es-es\/blog\/wp-content\/uploads\/sites\/8\/2023\/09\/GettyImages-1409751960-684x384.jpg 684w, https:\/\/www.sage.com\/es-es\/blog\/wp-content\/uploads\/sites\/8\/2023\/09\/GettyImages-1409751960-768x513.jpg 768w, https:\/\/www.sage.com\/es-es\/blog\/wp-content\/uploads\/sites\/8\/2023\/09\/GettyImages-1409751960-1214x810.jpg 1214w\" sizes=\"auto, (min-width: 48em) 250px, (min-width: 30em) 100vw, 100vw\" \/>\t\t\t\n\t\t\t\n\t\t\t\t\t<\/figure>\n\n\t\t\n\t\t\t\t\t<div class=\"card-post__meta\">\n\t\t\t\t\t\t\t\t\t\t\t\t\t\t\t\t\t\t\t\t\t\t\t\t\t\t<span class=\"card-post__meta-text\"><span class=\"posted-on \"><time class=\"entry-date published\" datetime=\"2026-07-29T11:03:18+02:00\">29 julio, 2026<\/time><\/span><\/span>\n\t\t\t\t\t\t\t\t\t\t\t\t\t\t\t\t\t\t\t\t\t\t\t\t<span class=\"card-post__meta-text\"><span class=\"reading-time\">5 minutos de lectura<\/span><\/span>\n\t\t\t\t\t\t\t\t\t\t\t\t\t\t\t\t\t\t<\/div>\n\t\t\n\t\t<p class=\"card-post__title h5\">\n\t\t\tSoftware para asesor\u00edas: por qu\u00e9 una soluci\u00f3n gen\u00e9rica puede quedarse corta\t\t<\/p>\n\n\t\t\t<\/a>\n\t\n\t\n\t\t\n\t\n\t<\/article>\n\t\t\t\t\t<\/div>\n\t\t\t\t\t\t\t<\/div>\n\t\t\t<\/div>\n<\/section>\n<\/div>\n","protected":false},"excerpt":{"rendered":"<p>Seg\u00fan el art\u00edculo 55 de la Ley General Tributaria, el tipo de gravamen o tipo impositivo la cifra, coeficiente o porcentaje que se aplica a la base liquidable para obtener como resultado la cuota \u00edntegra. Los tipos de gravamen pueden ser espec\u00edficos o porcentuales.<\/p>\n","protected":false},"author":316,"featured_media":0,"template":"","meta":{"_sage_video":false,"footnotes":""},"tags":[187,181],"class_list":["post-7493","sage_glossary","type-sage_glossary","status-publish","hentry","tag-asesorias-y-despachos-profesionales","tag-impuestos"],"distributor_meta":false,"distributor_terms":false,"distributor_media":false,"distributor_original_site_name":"Sage Advice Espa\u00f1a","distributor_original_site_url":"https:\/\/www.sage.com\/es-es\/blog","push-errors":false,"_links":{"self":[{"href":"https:\/\/www.sage.com\/es-es\/blog\/api\/wp\/v2\/sage_glossary\/7493","targetHints":{"allow":["GET"]}}],"collection":[{"href":"https:\/\/www.sage.com\/es-es\/blog\/api\/wp\/v2\/sage_glossary"}],"about":[{"href":"https:\/\/www.sage.com\/es-es\/blog\/api\/wp\/v2\/types\/sage_glossary"}],"author":[{"embeddable":true,"href":"https:\/\/www.sage.com\/es-es\/blog\/api\/wp\/v2\/users\/316"}],"version-history":[{"count":0,"href":"https:\/\/www.sage.com\/es-es\/blog\/api\/wp\/v2\/sage_glossary\/7493\/revisions"}],"wp:attachment":[{"href":"https:\/\/www.sage.com\/es-es\/blog\/api\/wp\/v2\/media?parent=7493"}],"wp:term":[{"taxonomy":"post_tag","embeddable":true,"href":"https:\/\/www.sage.com\/es-es\/blog\/api\/wp\/v2\/tags?post=7493"}],"curies":[{"name":"wp","href":"https:\/\/api.w.org\/{rel}","templated":true}]}}