{"id":25815,"date":"2024-03-12T21:41:54","date_gmt":"2024-03-12T20:41:54","guid":{"rendered":"https:\/\/www.sage.com\/es-es\/blog\/?post_type=video&#038;p=25815"},"modified":"2025-09-23T17:42:04","modified_gmt":"2025-09-23T15:42:04","slug":"consejos-basicos-de-comunicacion-para-emprendedores","status":"publish","type":"video","link":"https:\/\/www.sage.com\/es-es\/blog\/video\/consejos-basicos-de-comunicacion-para-emprendedores\/","title":{"rendered":"Consejos b\u00e1sicos de comunicaci\u00f3n para emprendedores"},"content":{"rendered":"<header class=\"entry-header has-dark-background-color entry-header--has-illustration entry-header--has-illustration--generic\">\n\t<div class=\"container\">\n\t\t<div class=\"entry-header__row row align-center\">\n\t\t\t<div class=\"col col-lg-7 col-xlg-6 entry-header__content\">\n\t\t\t\t\t\t\t<div class=\"component component-single-header\">\n\t\t\t\t\t\t\t\t\t\t<div class=\"entry-header__misc text--subtitle text--uppercase text--small\">\n\t\t\t\t\t\t\t<a href=\"https:\/\/www.sage.com\/es-es\/blog\/show\/sage-dreamers\/\" class=\"entry-header__link\">Sage Dreamers<\/a><p>Episodio 10 de 14<\/p>\t\t\t\t\t\t<\/div>\n\t\t\t\t\n\t\t\t\t<div class=\"entry-title-wrapper\">\n\t\t\t\t\t<h1 class=\"entry-title\">\n\t\t\t\t\t\tConsejos b\u00e1sicos de comunicaci\u00f3n para emprendedores\t\t\t\t\t<\/h1>\n\t\t\t\t<\/div>\n\n\t\t\t\t\t\t\t\t\t<p class=\"entry-header__description\">\n\t\t\t\t\t\t\t\t\t\t\t<\/p>\n\t\t\t\t\n\t\t\t\t\t\t\t\t<div class=\"entry-header__cta-list\">\n\t\t\t\t\t<div class=\"single-cta\">\n\t\t\t<button\n\t\t\tclass=\"button button--primary js-component-modal-header-video-trigger\"\n\t\t\tdata-href=\"#js-component-modal-header-video\"\n\t\t\tdata-modal-alert=\"true\"\n\t\t\tdata-action=\"modal-open\"\n\t\t\taria-controls=\"js-component-modal-header-video\">\n\t\t\tVer v\u00eddeo\t\t<\/button>\n\t<\/div>\n\t\t\t\t<\/div>\n\t\t\t\t\n\t\t\t\t\n\t\t\t<\/div>\n\n\t\t\t\t\t<\/div>\n\t\t\t\t\t<\/div>\n\t<\/div>\n\t<div class=\"single-post-details container\">\n\t\t<div class=\"col\">\n\t\t\t\n\t\t<button\n\t\t\ttype=\"button\"\n\t\t\tclass=\"social-share-button button button--icon button--secondary js-social-share-button\"\n\t\t\tdata-share-title=\"Consejos b\u00e1sicos de comunicaci\u00f3n para emprendedores\"\n\t\t\tdata-share-url=\"https:\/\/www.sage.com\/es-es\/blog\/video\/consejos-basicos-de-comunicacion-para-emprendedores\/\"\n\t\t\tdata-share-text=\"Please read this interesting article\"\n\t\t>\n\t\t\t<span class=\"social-share-button__share-label\">Compartir<\/span>\n\t\t\t<span class=\"social-share-button__copy-label\" hidden>Copiar enlace<\/span>\n\t\t\t<span class=\"social-share-button__copy-tooltip\" aria-hidden=\"true\" hidden>Copiado<\/span>\n\t\t<\/button>\n\n\t\t\t\t<\/div>\n\t<\/div>\n<\/header>\n\n\n\n\n\n<p>Si acabas de emprender y <strong>dispones de un <\/strong><a href=\"https:\/\/mailchimp.com\/es\/resources\/minimum-viable-product\/\"><strong>MVP<\/strong><\/a><strong> (Minimum Viable Product)<\/strong>, es decir, de un <strong>prototipo del producto o servicio que vas a lanzar<\/strong>, y cuyas funcionalidades te sirven para presentarlo a los futuros usuarios, es momento de pensar en <strong>que tu proyecto crezca y sea vendible.&nbsp;<\/strong><\/p>\n\n\n\n<p>Es posible que te est\u00e9s <strong>planteando realizar una campa\u00f1a de comunicaci\u00f3n<\/strong>, la cual no es exclusiva de las grandes empresas, sino que tambi\u00e9n las peque\u00f1as y los emprendedores tendr\u00e1n a su alcance diversas herramientas que les permitir\u00e1n darse a conocer. Pero para ello, tu <strong>producto o servicio<\/strong> deber\u00e1 resultar <strong>atractivo de cara a los medios de comunicaci\u00f3n.&nbsp;<\/strong><\/p>\n\n\n\n<p>Teniendo en cuenta los siguientes <strong>consejos, tu <\/strong><a href=\"https:\/\/www.sage.com\/es-es\/blog\/como-hacer-estrategia-comercial\/\"><strong>estrategia<\/strong><\/a><strong> de comunicaci\u00f3n para <a href=\"https:\/\/www.sage.com\/es-es\/blog\/quieres-emprender-descubre-que-es-sage-dreamers\/\">emprendedores <\/a>ser\u00e1 todo un \u00e9xito.&nbsp;&nbsp;<\/strong><\/p>\n<div class=\"sage-block-classic-wrapper\">\n\n<p><em><mark class=\"highlight-and-share\">\u00a1<strong>TUIT\u00c9ALO!<\/strong> Descubre consejos clave para destacar en medios, atraer la atenci\u00f3n y hacer tu proyecto &#8220;noticiable&#8221;.<\/mark><\/em><\/p>\n\n<\/div>\n<h2 class=\"wp-block-heading\" id=\"h-1-asegurate-de-que-tienes-entre-manos-un-contenido-con-elementos-noticiables\">1. Aseg\u00farate de que tienes entre manos un contenido con elementos noticiables<\/h2>\n\n\n\n<p>Es decir, <strong>con informaci\u00f3n relevante y de inter\u00e9s<\/strong> de cara a los medios de comunicaci\u00f3n. Para que un acontecimiento se convierta en noticia debe reunir una serie de requisitos. Por ejemplo, <strong>debe ser un suceso o hito de actualidad relevante m\u00e1s all\u00e1 de las personas que lo van a comunicar y despertar el inter\u00e9s general.&nbsp;<\/strong><\/p>\n\n\n\n<p>Deber\u00e1s plantearte si con tu emprendimiento ayudas a mejorar la calidad de vida de otras personas, si contribuyes a mejorar el medio ambiente, etc. <strong>El nacimiento de una empresa siempre suele ser una buena percha informativa.<\/strong><\/p>\n\n\n\n<h2 class=\"wp-block-heading\" id=\"h-2-preguntate-si-estas-preparado-para-que-te-conozcan\">2. Preg\u00fantate si est\u00e1s preparado para que te conozcan<\/h2>\n\n\n\n<p>Una <strong>correcta estrategia de comunicaci\u00f3n para emprendedores<\/strong> se suele sostener sobre <strong>dos pilares fundamentales<\/strong>:&nbsp;<\/p>\n\n\n\n<ul class=\"wp-block-list\">\n<li>El <strong>Social Media<\/strong> o conjunto de plataformas digitales. El contenido es creado, visualizado y compartido a trav\u00e9s de distintas redes sociales (LinkedIn, TikTok, una <a href=\"https:\/\/www.sage.com\/es-es\/blog\/como-montar-un-negocio-online-para-pequenas-empresas\/\">p\u00e1gina web<\/a> bien optimizada, etc.).<\/li>\n\n\n\n<li>Los <strong>medios de comunicaci\u00f3n tradicionales<\/strong>. Prensa online y escrita, radio y televisi\u00f3n a nivel regional, nacional e internacional.<\/li>\n<\/ul>\n\n\n\n<p>La suma de ambos factores genera <strong>un impacto que aumenta la visibilidad y la autoridad de la empresa.<\/strong> Hay que tener en cuenta que esto tambi\u00e9n puede dar lugar a una sobreexposici\u00f3n y a un incremento en la demanda de peticiones de entrevistas, para las que hay que estar preparado y saber responder. Estas circunstancias tambi\u00e9n forman parte de tu trabajo y ayudan a que tu empresa crezca. <strong>Organ\u00edzate y s\u00e9 valiente.<\/strong>&nbsp;<\/p>\n\n\n\n<h2 class=\"wp-block-heading\" id=\"h-3-destina-tiempo-para-plantear-la-estrategia-de-comunicacion-para-emprendedores\">3. Destina tiempo para plantear la estrategia de comunicaci\u00f3n para emprendedores<\/h2>\n\n\n\n<p>De esta forma podr\u00e1s determinar <strong>qu\u00e9 periodistas escriben sobre tu \u00e1mbito de negocio o sobre lo que t\u00fa haces.<\/strong> Es importante saber c\u00f3mo encaja la informaci\u00f3n con cada redactor. Para ello, puedes hacer una b\u00fasqueda en redes sociales y <strong>conseguir los contactos de los periodistas que m\u00e1s te interesen.<\/strong><\/p>\n\n\n\n<h2 class=\"wp-block-heading\" id=\"h-4-la-nota-de-prensa\">4. La nota de prensa<\/h2>\n\n\n\n<p>Una <strong>nota de prensa<\/strong> es una <strong>comunicaci\u00f3n escrita dirigida a los medios, en la que se informa sobre un hecho relevante o noticia. <\/strong>Se recomienda que a trav\u00e9s de correo electr\u00f3nico se env\u00eden diferentes perchas informativas de varias tem\u00e1ticas. Para conseguir su publicaci\u00f3n no olvides adecuarte a la estructura comunicativa m\u00e1s b\u00e1sica. Esta est\u00e1 basada en los cl\u00e1sicos: <strong>qu\u00e9, c\u00f3mo, cu\u00e1ndo, d\u00f3nde y por qu\u00e9<\/strong>, sin olvidar el concepto \u201cnoticiabilidad\u201d (informaci\u00f3n pr\u00e1ctica con toques emotivos destinada al servicio y al inter\u00e9s p\u00fablico).<\/p>\n\n\n\n<h2 class=\"wp-block-heading\" id=\"h-5-buen-material-audiovisual\">5. Buen material audiovisual<\/h2>\n\n\n\n<p>Es fundamental disponer de un <strong>buen material audiovisual que acompa\u00f1e al texto de tu noticia<\/strong>. Para ello deber\u00e1s realizar una sesi\u00f3n de fotos profesional y con calidad. Tambi\u00e9n un v\u00eddeo del funcionamiento pr\u00e1ctico de tu producto o servicio brindar\u00e1 a los periodistas material de calidad con el que dar a conocer tu empresa.<\/p>\n\n\n\n<h2 class=\"wp-block-heading\" id=\"h-6-invitacion-formal-a-periodistas-para-que-asistan-a-actos-o-eventos\">6. Invitaci\u00f3n formal a periodistas para que asistan a actos o eventos<\/h2>\n\n\n\n<p>Si consigues <strong>convencer a un grupo reducido o m\u00e1s exclusivo de periodistas <\/strong>de que <strong>acudan a conocer tu empresa y los productos o servicios<\/strong> que ofreces, <strong>habr\u00e1s triunfado<\/strong>. Para ello, puedes invitarles a un evento, jornada o acto que hayas organizado con el objetivo de cubrirlo. Podr\u00e1n escribir o hablar en los distintos medios de comunicaci\u00f3n donde colaboren sobre lo que ofreces.<\/p>\n\n\n\n<h2 class=\"wp-block-heading\" id=\"h-7-date-a-conocer-en-eventos\">7. Date a conocer en eventos<\/h2>\n\n\n\n<p>Acude a eventos, congresos y jornadas <strong>para participar como experto de tu sector<\/strong>. Busca que aquellos que te compran lo hagan m\u00e1s de una vez y <strong>que te recomienden<\/strong>.<\/p>\n\n\n\n<h2 class=\"wp-block-heading\" id=\"h-8-aliadas-de-la-visibilidad-mediatica\">8. Aliadas de la visibilidad medi\u00e1tica<\/h2>\n\n\n\n<ul class=\"wp-block-list\">\n<li>Una <strong><a href=\"https:\/\/www.sage.com\/es-es\/blog\/21-webs-para-buscar-empleados\/\">p\u00e1gina web<\/a><\/strong> bien construida, con un dise\u00f1o atractivo, funcional y con un contenido que transmita confianza. Este es el primer lugar donde los periodistas van a acceder y, por lo tanto, deberemos mostrar el mejor escaparate posible de nuestro negocio.<\/li>\n<\/ul>\n\n\n\n<ul class=\"wp-block-list\">\n<li>Unas <strong>redes sociales<\/strong> que reflejen a la perfecci\u00f3n el esp\u00edritu de la empresa.&nbsp; Hay que <strong>seleccionar aquellas redes en las que sepamos que est\u00e1 nuestro p\u00fablico objetivo.<\/strong> Twitter, denominada en la actualidad X, es una red social de periodistas y, por lo tanto, un lugar muy interesante en el que conseguir contactos y darnos a conocer.&nbsp;&nbsp;<\/li>\n<\/ul>\n\n\n\n<p>En resumen, la comunicaci\u00f3n efectiva es clave para el \u00e9xito del <a href=\"https:\/\/www.sage.com\/es-es\/blog\/autonomo-o-asalariado\/\">emprendimiento<\/a>. Sigue estos consejos para destacar en medios, atraer la atenci\u00f3n y hacer que tu proyecto sea irresistible para los periodistas. \u00a1Potencia tu presencia en el mercado y haz que tu historia sea contada!<\/p>\n\n\n<div class=\"single-cta\">\n\t<div class=\"single-cta__positioner\">\n\t\t<div class=\"single-cta__wrapper has-dark-background-color\">\n\t\t\t<div class=\"single-cta__content\">\n\t\t\t\t\t\t\t\t<h2 class=\"single-cta__title h3\">Subscr\u00edbete a la newsletter de Sage Advice<\/h2>\n\n\t\t\t\t\t\t\t\t\t<div class=\"single-cta__description\">\n\t\t\t\t\t\t<p>Recibe nuestros consejos m\u00e1s recientes directamente en la bandeja de entrada de tu correo electr\u00f3nico.<\/p>\n\t\t\t\t\t<\/div>\n\t\t\t\t\n\t\t\t\t\t\t\t\t\t\t\t\t\t\t<a\n\t\t\t\t\t\thref=\"#gate-263a5c00-99e4-4e71-8421-469deda8e674\"\n\t\t\t\t\t\tclass=\"single-cta__button button button--primary\"\n\t\t\t\t\t\t\t\t\t\t\t\t\t\t\t\t\t>Suscr\u00edbete<\/a>\n\t\t\t\t\t\t\t<\/div>\n\n\t\t\t\t\t<\/div>\n\n\t\t\t\t\t<img decoding=\"async\" width=\"1440\" height=\"810\" src=\"https:\/\/www.sage.com\/es-es\/blog\/wp-content\/uploads\/sites\/8\/2022\/04\/GettyImages-1171960556-1440x810.jpg\" class=\"single-cta__image\" alt=\"Sage\" loading=\"lazy\" srcset=\"https:\/\/www.sage.com\/es-es\/blog\/wp-content\/uploads\/sites\/8\/2022\/04\/GettyImages-1171960556-1440x810.jpg 1440w\" sizes=\"auto, (min-width: 48em) 33vw, 100vw\" \/>\t\t\t<\/div>\n<\/div>\n","protected":false},"excerpt":{"rendered":"<p>En este video de Esther Molina, periodista especializada en innovaci\u00f3n, nos muestra algunos consejos para llevar a cabo una campa\u00f1a de comunicaci\u00f3n para emprendedores.<\/p>\n","protected":false},"author":1590,"featured_media":32710,"comment_status":"closed","ping_status":"closed","template":"","meta":{"_sage_video":true,"video_id":"wR2S8PdZipI"},"tags":[366],"business_type":[],"show":[373],"industry":[],"imagine_tag":[],"class_list":["post-25815","video","type-video","status-publish","has-post-thumbnail","hentry","tag-sage-dreamers","show-sage-dreamers"],"distributor_meta":false,"distributor_terms":false,"distributor_media":false,"distributor_original_site_name":"Sage Advice Espa\u00f1a","distributor_original_site_url":"https:\/\/www.sage.com\/es-es\/blog","push-errors":false,"_links":{"self":[{"href":"https:\/\/www.sage.com\/es-es\/blog\/api\/wp\/v2\/video\/25815","targetHints":{"allow":["GET"]}}],"collection":[{"href":"https:\/\/www.sage.com\/es-es\/blog\/api\/wp\/v2\/video"}],"about":[{"href":"https:\/\/www.sage.com\/es-es\/blog\/api\/wp\/v2\/types\/video"}],"author":[{"embeddable":true,"href":"https:\/\/www.sage.com\/es-es\/blog\/api\/wp\/v2\/users\/1590"}],"replies":[{"embeddable":true,"href":"https:\/\/www.sage.com\/es-es\/blog\/api\/wp\/v2\/comments?post=25815"}],"version-history":[{"count":0,"href":"https:\/\/www.sage.com\/es-es\/blog\/api\/wp\/v2\/video\/25815\/revisions"}],"wp:featuredmedia":[{"embeddable":true,"href":"https:\/\/www.sage.com\/es-es\/blog\/api\/wp\/v2\/media\/32710"}],"wp:attachment":[{"href":"https:\/\/www.sage.com\/es-es\/blog\/api\/wp\/v2\/media?parent=25815"}],"wp:term":[{"taxonomy":"post_tag","embeddable":true,"href":"https:\/\/www.sage.com\/es-es\/blog\/api\/wp\/v2\/tags?post=25815"},{"taxonomy":"business_type","embeddable":true,"href":"https:\/\/www.sage.com\/es-es\/blog\/api\/wp\/v2\/business_type?post=25815"},{"taxonomy":"show","embeddable":true,"href":"https:\/\/www.sage.com\/es-es\/blog\/api\/wp\/v2\/show?post=25815"},{"taxonomy":"industry","embeddable":true,"href":"https:\/\/www.sage.com\/es-es\/blog\/api\/wp\/v2\/industry?post=25815"},{"taxonomy":"imagine_tag","embeddable":true,"href":"https:\/\/www.sage.com\/es-es\/blog\/api\/wp\/v2\/imagine_tag?post=25815"}],"curies":[{"name":"wp","href":"https:\/\/api.w.org\/{rel}","templated":true}]}}