{"id":26849,"date":"2024-06-03T16:55:48","date_gmt":"2024-06-03T14:55:48","guid":{"rendered":"https:\/\/www.sage.com\/es-es\/blog\/?post_type=video&#038;p=26849"},"modified":"2025-09-23T17:53:12","modified_gmt":"2025-09-23T15:53:12","slug":"como-marcarte-objetivos-gestionar-tiempo-emprendedor","status":"publish","type":"video","link":"https:\/\/www.sage.com\/es-es\/blog\/video\/como-marcarte-objetivos-gestionar-tiempo-emprendedor\/","title":{"rendered":"C\u00f3mo marcarte objetivos y gestionar tu tiempo como emprendedor para llegar a todo"},"content":{"rendered":"<header class=\"entry-header has-dark-background-color entry-header--has-illustration entry-header--has-illustration--generic\">\n\t<div class=\"container\">\n\t\t<div class=\"entry-header__row row align-center\">\n\t\t\t<div class=\"col col-lg-7 col-xlg-6 entry-header__content\">\n\t\t\t\t\t\t\t<div class=\"component component-single-header\">\n\t\t\t\t\t\t\t\t\t\t<div class=\"entry-header__misc text--subtitle text--uppercase text--small\">\n\t\t\t\t\t\t\t<a href=\"https:\/\/www.sage.com\/es-es\/blog\/show\/sage-dreamers\/\" class=\"entry-header__link\">Sage Dreamers<\/a><p>Episodio 14 de 14<\/p>\t\t\t\t\t\t<\/div>\n\t\t\t\t\n\t\t\t\t<div class=\"entry-title-wrapper\">\n\t\t\t\t\t<h1 class=\"entry-title\">\n\t\t\t\t\t\tC\u00f3mo marcarte objetivos y gestionar tu tiempo como emprendedor para llegar a todo\t\t\t\t\t<\/h1>\n\t\t\t\t<\/div>\n\n\t\t\t\t\t\t\t\t\t<p class=\"entry-header__description\">\n\t\t\t\t\t\t\t\t\t\t\t<\/p>\n\t\t\t\t\n\t\t\t\t\t\t\t\t<div class=\"entry-header__cta-list\">\n\t\t\t\t\t<div class=\"single-cta\">\n\t\t\t<button\n\t\t\tclass=\"button button--primary js-component-modal-header-video-trigger\"\n\t\t\tdata-href=\"#js-component-modal-header-video\"\n\t\t\tdata-modal-alert=\"true\"\n\t\t\tdata-action=\"modal-open\"\n\t\t\taria-controls=\"js-component-modal-header-video\">\n\t\t\tVer v\u00eddeo\t\t<\/button>\n\t<\/div>\n\t\t\t\t<\/div>\n\t\t\t\t\n\t\t\t\t\n\t\t\t<\/div>\n\n\t\t\t\t\t<\/div>\n\t\t\t\t\t<\/div>\n\t<\/div>\n\t<div class=\"single-post-details container\">\n\t\t<div class=\"col\">\n\t\t\t\n\t\t<button\n\t\t\ttype=\"button\"\n\t\t\tclass=\"social-share-button button button--icon button--secondary js-social-share-button\"\n\t\t\tdata-share-title=\"C\u00f3mo marcarte objetivos y gestionar tu tiempo como emprendedor para llegar a todo\"\n\t\t\tdata-share-url=\"https:\/\/www.sage.com\/es-es\/blog\/video\/como-marcarte-objetivos-gestionar-tiempo-emprendedor\/\"\n\t\t\tdata-share-text=\"Please read this interesting article\"\n\t\t>\n\t\t\t<span class=\"social-share-button__share-label\">Compartir<\/span>\n\t\t\t<span class=\"social-share-button__copy-label\" hidden>Copiar enlace<\/span>\n\t\t\t<span class=\"social-share-button__copy-tooltip\" aria-hidden=\"true\" hidden>Copiado<\/span>\n\t\t<\/button>\n\n\t\t\t\t<\/div>\n\t<\/div>\n<\/header>\n\n\n\n\n\n<p>A los <strong>emprendedores habitualmente les cuesta organizar su tiempo<\/strong> y <strong>no saben <\/strong><a href=\"https:\/\/www.sage.com\/es-es\/blog\/objetivos-de-una-empresa-definicion-tipos-y-consejos-para-identificarlos\/\"><strong>c\u00f3mo marcar objetivos<\/strong><\/a>, lo que les impide realizar todas las tareas que querr\u00edan hacer. Para solucionar este problema, un m\u00e9todo muy utilizado es que <strong>sepan ver su a\u00f1o a vista de p\u00e1jaro:<\/strong> \u00bfqu\u00e9 ser\u00e1 lo m\u00e1s relevante para ti durante el a\u00f1o?, \u00bfcu\u00e1l ser\u00e1 tu protagonista o proyecto principal?<\/p>\n\n\n\n<p>Es importante <strong>seleccionar un protagonista a nivel personal y uno a nivel de negocio.<\/strong> Podemos tener un protagonista principal y dos o tres secundarios, pero es fundamental identificarlos, debiendo escoger cu\u00e1l ser\u00e1 tu prioridad.&nbsp;<\/p>\n\n\n\n<p>Una vez que sabemos cu\u00e1les son nuestros proyectos estrella principales, podemos&nbsp; empezar a dividirlos en trimestres, para luego hacer lo mismo mensual y semanalmente. Debemos <strong>ser realistas con el tiempo y con los recursos<\/strong> de los que disponemos, ya que si no lo somos no nos servir\u00e1 de nada la planificaci\u00f3n, porque tampoco la vamos a cumplir.&nbsp;<\/p>\n\n\n\n<p>Para <strong>comenzar a organizar nuestra agenda <\/strong>y saber<strong> c\u00f3mo marcar objetivos<\/strong>, primero tenemos que <strong>poner orden en las tareas<\/strong> que tenemos que llevar a cabo como <a href=\"https:\/\/www.sage.com\/es-es\/blog\/tag\/emprendedores\/\">emprendedores<\/a>. Existen las llamadas <strong>tareas recurrentes<\/strong>, es decir, <strong>aquellas que tenemos que hacer constantemente<\/strong>, ya sea semanal, mensual o diariamente, <strong>para que nuestro negocio funcione.&nbsp;<\/strong><\/p>\n\n\n\n<h2 class=\"wp-block-heading\" id=\"las-cinco-tareas-recurrentes-mas-importantes\">Las cinco tareas recurrentes m\u00e1s importantes<\/h2>\n\n\n\n<ol class=\"wp-block-list\">\n<li><strong>Gesti\u00f3n y administraci\u00f3n del negocio<\/strong>. Como por ejemplo, todo lo relativo a los bancos, <a href=\"https:\/\/www.sage.com\/es-es\/blog\/como-gestionar-las-facturas-de-tu-empresa\/\">gestionar la facturaci\u00f3n<\/a>, otras gestiones administrativas, etc. Si tienes un negocio peque\u00f1o seguro que tienes tareas semanales que son de&nbsp; este tipo. Lo interesante ser\u00e1 <strong>poderlas agrupar todas en un momento determinado de la semana.&nbsp;<\/strong><\/li>\n\n\n\n<li><strong>Marketing y ventas.<\/strong> Son las que hacemos para poder llegar a nuestros&nbsp; clientes y vender, como por ejemplo llamadas, publicaciones en redes sociales, creaci\u00f3n de contenidos, etc. Haz una lista de todas esas tareas que&nbsp; llevas a cabo y ag\u00e9ndalas.<\/li>\n\n\n\n<li><strong>La ejecuci\u00f3n.<\/strong> Son las horas dedicadas a ejecutar tus servicios.<\/li>\n\n\n\n<li><strong>La formaci\u00f3n<\/strong>. Son las horas que dedicas a formarte.&nbsp;<\/li>\n\n\n\n<li><strong>Creatividad y estrategia<\/strong>. Las horas que dedicas a planificar, a pensar, a hacer estrategia en tu negocio. Es fundamental que tengas horas disponibles en tu calendario para poder pensar.&nbsp;<\/li>\n\n\n\n<li><strong>Las reuniones.<\/strong> Deber\u00e1s bloquear semanal o mensualmente algunas horas para poder llevar a cabo <a href=\"https:\/\/www.sage.com\/es-es\/blog\/optimizar-gestion-proveedores-empresa\/\">reuniones con tus proveedores<\/a>, con tu equipo, con potenciales colaboradores, etc.<\/li>\n<\/ol>\n\n\n\n<h2 class=\"wp-block-heading\" id=\"como-marcarte-objetivos-y-organizar-tu-agenda\">C\u00f3mo marcarte objetivos y organizar tu agenda<\/h2>\n\n\n\n<p>Las <strong>tareas recurrentes<\/strong> que acabamos de ver <strong>deber\u00e1n estar en nuestra agenda<\/strong>. Para ello abriremos el calendario para comenzar a ponerlas y organizar nuestra semana.<\/p>\n\n\n\n<h3 class=\"wp-block-heading\" id=\"primer-paso-poblar-el-calendario-con-nuestros-temas-personales-importantes\">Primer paso: Poblar el calendario con nuestros temas personales importantes<\/h3>\n\n\n\n<p>Todo lo referente a <strong>nuestras rutinas diarias<\/strong>, la vida familiar y social, actividades deportivas, hobbies, etc. <strong>Marcando en primer lugar lo personal<\/strong> obtendremos un <strong>mapa visual<\/strong> de cu\u00e1nto tiempo realmente disponemos al d\u00eda para trabajar.<\/p>\n\n\n\n<h3 class=\"wp-block-heading\" id=\"segundo-paso-insertar-en-el-calendario-todas-las-tareas-recurrentes-de-nuestro-negocio\">Segundo paso: Insertar en el calendario todas las tareas recurrentes de nuestro negocio<\/h3>\n\n\n\n<ul class=\"wp-block-list\">\n<li><strong>Gesti\u00f3n y administraci\u00f3n:<\/strong> Podemos englobar estas tareas un d\u00eda a la semana, ya que trabajar por bloques tem\u00e1ticos nos ayuda mucho a estructurar nuestro tiempo. No deberemos poner m\u00e1s de 4 o 5 horas de tareas recurrentes en un mismo d\u00eda, puesto que no ser\u00eda algo realista.<\/li>\n\n\n\n<li><strong>Marketing y ventas.<\/strong> Si cada semana tienes que realizar tareas en este \u00e1mbito, es importante que fijes un d\u00eda y hora concretos a la semana para llevarlo a cabo. Conviene que dejemos siempre algo de tiempo extra para realizar las tareas, de esta forma seremos realistas. &nbsp;<\/li>\n\n\n\n<li><strong>La&nbsp; ejecuci\u00f3n.<\/strong> Deberemos reservar unos determinados d\u00edas a la semana en los que puedas tener horas disponibles para trabajar con tus clientes, as\u00ed como otra serie de horas para realizar diversas tareas asociadas al trabajo con dichos clientes. &nbsp;&nbsp;<\/li>\n\n\n\n<li><strong>La&nbsp; formaci\u00f3n<\/strong>. Es importante que reserves en tu agenda unas horas a la semana para formarte, los viernes son un buen d\u00eda para llevarlo a cabo, ya que la carga de trabajo suele ser menor.<\/li>\n\n\n\n<li><strong>Creatividad y estrategia<\/strong>. Para poder pensar, a lo mejor, dedicas una tarde o un d\u00eda entero al mes. Puede ser que hayas contratado a un mentor o asesor&nbsp; para poder pensar ideas. Es importante que reserves un tiempo en concreto para llevar a cabo esta tarea, aunque sea solo una vez al mes. &nbsp;<\/li>\n<\/ul>\n\n\n\n<h3 class=\"wp-block-heading\" id=\"tercer-paso-reservar-tiempo-en-la-agenda-para-los-proyectos\">Tercer paso: Reservar tiempo en la agenda para los proyectos&nbsp;<\/h3>\n\n\n\n<p>Una vez hayas puesto todas tus tareas recurrentes en la agenda, semanales y mensuales, tienen que <strong>quedar espacios libres<\/strong>. Estos espacios son ideales para <strong>colocar el tiempo que inviertes en proyectos.<\/strong><\/p>\n\n\n\n<p>Los proyectos son aquellas tareas puntuales que tenemos que hacer para que nuestro negocio funcione, y no tienen nada que ver con las tareas recurrentes.<\/p>\n\n\n\n<h2 class=\"wp-block-heading\" id=\"recomendaciones-finales-sobre-como-marcarte-objetivos\">Recomendaciones finales sobre c\u00f3mo marcarte objetivos<\/h2>\n\n\n\n<ol class=\"wp-block-list\">\n<li><strong>Ser realista<\/strong> con el tiempo que tienes y los recursos de los que dispones.&nbsp;<\/li>\n\n\n\n<li><strong>Lo que se pone en la agenda se hace<\/strong>, sino no sirve para nada.<\/li>\n\n\n\n<li><strong>Marcar m\u00e1s tiempo del que realmente necesitas<\/strong> para una tarea.&nbsp;<\/li>\n\n\n\n<li>Cuando llega una tarea que sabes que tienes que hacer, en vez de ponerla en una lista de \u201cpendientes\u201d, abres tu agenda, buscas un espacio donde tengas tiempo libre y la marcas, poniendo <strong>fecha y hora concretas para realizar esa tarea.<\/strong>&nbsp;<\/li>\n\n\n\n<li>No llenarse el d\u00eda de cosas, de esta forma, tendremos siempre <strong>espacio comod\u00edn para imprevistos.<\/strong><\/li>\n\n\n\n<li><strong>Saber delegar<\/strong> sin hacer un micromanagement.&nbsp;<\/li>\n<\/ol>\n\n\n\n<p>En resumen, aprender a marcar objetivos y gestionar tu tiempo como emprendedor es esencial para lograr tus metas. Organiza tu agenda con tareas recurrentes, proyectos y tiempo personal. Recuerda ser realista y comprometido con tu planificaci\u00f3n.<\/p>\n\n\n<div class=\"single-cta\">\n\t<div class=\"single-cta__positioner\">\n\t\t<div class=\"single-cta__wrapper has-dark-background-color\">\n\t\t\t<div class=\"single-cta__content\">\n\t\t\t\t\t\t\t\t<h2 class=\"single-cta__title h3\">Subscr\u00edbete a la newsletter de Sage Advice<\/h2>\n\n\t\t\t\t\t\t\t\t\t<div class=\"single-cta__description\">\n\t\t\t\t\t\t<p>Recibe nuestros consejos m\u00e1s recientes directamente en la bandeja de entrada de tu correo electr\u00f3nico.<\/p>\n\t\t\t\t\t<\/div>\n\t\t\t\t\n\t\t\t\t\t\t\t\t\t\t\t\t\t\t<a\n\t\t\t\t\t\thref=\"#gate-263a5c00-99e4-4e71-8421-469deda8e674\"\n\t\t\t\t\t\tclass=\"single-cta__button button button--primary\"\n\t\t\t\t\t\t\t\t\t\t\t\t\t\t\t\t\t>Suscr\u00edbete<\/a>\n\t\t\t\t\t\t\t<\/div>\n\n\t\t\t\t\t<\/div>\n\n\t\t\t\t\t<img decoding=\"async\" width=\"1440\" height=\"810\" src=\"https:\/\/www.sage.com\/es-es\/blog\/wp-content\/uploads\/sites\/8\/2022\/04\/GettyImages-1171960556-1440x810.jpg\" class=\"single-cta__image\" alt=\"Sage\" loading=\"lazy\" srcset=\"https:\/\/www.sage.com\/es-es\/blog\/wp-content\/uploads\/sites\/8\/2022\/04\/GettyImages-1171960556-1440x810.jpg 1440w\" sizes=\"auto, (min-width: 48em) 33vw, 100vw\" \/>\t\t\t<\/div>\n<\/div>\n","protected":false},"excerpt":{"rendered":"<p>En este video, Marta Emerson, consultora, creadora de contenido y comunicadora, nos muestra los dos pilares fundamentales en los que como emprendedor deber\u00e1s apoyarte. El primero consiste en saber c\u00f3mo marcar tus objetivos, y el segundo en organizar tu tiempo para poder cumplirlos. Pero de nada servir\u00e1 tener objetivos si no los vamos a cumplir por falta de tiempo.  <\/p>\n","protected":false},"author":1590,"featured_media":32714,"comment_status":"closed","ping_status":"closed","template":"","meta":{"_sage_video":true,"video_id":"-TfzB_sTGbs"},"tags":[366],"business_type":[],"show":[373],"industry":[],"imagine_tag":[],"class_list":["post-26849","video","type-video","status-publish","has-post-thumbnail","hentry","tag-sage-dreamers","show-sage-dreamers"],"distributor_meta":false,"distributor_terms":false,"distributor_media":false,"distributor_original_site_name":"Sage Advice Espa\u00f1a","distributor_original_site_url":"https:\/\/www.sage.com\/es-es\/blog","push-errors":false,"_links":{"self":[{"href":"https:\/\/www.sage.com\/es-es\/blog\/api\/wp\/v2\/video\/26849","targetHints":{"allow":["GET"]}}],"collection":[{"href":"https:\/\/www.sage.com\/es-es\/blog\/api\/wp\/v2\/video"}],"about":[{"href":"https:\/\/www.sage.com\/es-es\/blog\/api\/wp\/v2\/types\/video"}],"author":[{"embeddable":true,"href":"https:\/\/www.sage.com\/es-es\/blog\/api\/wp\/v2\/users\/1590"}],"replies":[{"embeddable":true,"href":"https:\/\/www.sage.com\/es-es\/blog\/api\/wp\/v2\/comments?post=26849"}],"version-history":[{"count":0,"href":"https:\/\/www.sage.com\/es-es\/blog\/api\/wp\/v2\/video\/26849\/revisions"}],"wp:featuredmedia":[{"embeddable":true,"href":"https:\/\/www.sage.com\/es-es\/blog\/api\/wp\/v2\/media\/32714"}],"wp:attachment":[{"href":"https:\/\/www.sage.com\/es-es\/blog\/api\/wp\/v2\/media?parent=26849"}],"wp:term":[{"taxonomy":"post_tag","embeddable":true,"href":"https:\/\/www.sage.com\/es-es\/blog\/api\/wp\/v2\/tags?post=26849"},{"taxonomy":"business_type","embeddable":true,"href":"https:\/\/www.sage.com\/es-es\/blog\/api\/wp\/v2\/business_type?post=26849"},{"taxonomy":"show","embeddable":true,"href":"https:\/\/www.sage.com\/es-es\/blog\/api\/wp\/v2\/show?post=26849"},{"taxonomy":"industry","embeddable":true,"href":"https:\/\/www.sage.com\/es-es\/blog\/api\/wp\/v2\/industry?post=26849"},{"taxonomy":"imagine_tag","embeddable":true,"href":"https:\/\/www.sage.com\/es-es\/blog\/api\/wp\/v2\/imagine_tag?post=26849"}],"curies":[{"name":"wp","href":"https:\/\/api.w.org\/{rel}","templated":true}]}}