{"version":"1.0","provider_name":"Sage Advice France","provider_url":"https:\/\/www.sage.com\/fr-fr\/blog","author_name":"Pac\u00f4me Lesage","author_url":"https:\/\/www.sage.com\/fr-fr\/blog\/author\/pacomelesage\/","title":"COVID-19. Sage, tous mobilis\u00e9s #PourVousAider","type":"rich","width":600,"height":338,"html":"<blockquote class=\"wp-embedded-content\" data-secret=\"ckfLFtob6U\"><a href=\"https:\/\/www.sage.com\/fr-fr\/blog\/covid-19-sage-tous-mobilises-essentiel\/\">COVID-19.  Sage, tous mobilis\u00e9s #PourVousAider<\/a><\/blockquote><iframe sandbox=\"allow-scripts\" security=\"restricted\" src=\"https:\/\/www.sage.com\/fr-fr\/blog\/covid-19-sage-tous-mobilises-essentiel\/embed\/#?secret=ckfLFtob6U\" width=\"600\" height=\"338\" title=\"\u00ab\u00a0COVID-19.  Sage, tous mobilis\u00e9s #PourVousAider\u00a0\u00bb &#8212; Sage Advice France\" data-secret=\"ckfLFtob6U\" frameborder=\"0\" marginwidth=\"0\" marginheight=\"0\" scrolling=\"no\" class=\"wp-embedded-content\"><\/iframe><script type=\"text\/javascript\">\n\/* <![CDATA[ *\/\n\/*! This file is auto-generated *\/\n!function(d,l){\"use strict\";l.querySelector&&d.addEventListener&&\"undefined\"!=typeof URL&&(d.wp=d.wp||{},d.wp.receiveEmbedMessage||(d.wp.receiveEmbedMessage=function(e){var t=e.data;if((t||t.secret||t.message||t.value)&&!\/[^a-zA-Z0-9]\/.test(t.secret)){for(var s,r,n,a=l.querySelectorAll('iframe[data-secret=\"'+t.secret+'\"]'),o=l.querySelectorAll('blockquote[data-secret=\"'+t.secret+'\"]'),c=new RegExp(\"^https?:$\",\"i\"),i=0;i<o.length;i++)o[i].style.display=\"none\";for(i=0;i<a.length;i++)s=a[i],e.source===s.contentWindow&&(s.removeAttribute(\"style\"),\"height\"===t.message?(1e3<(r=parseInt(t.value,10))?r=1e3:~~r<200&&(r=200),s.height=r):\"link\"===t.message&&(r=new URL(s.getAttribute(\"src\")),n=new URL(t.value),c.test(n.protocol))&&n.host===r.host&&l.activeElement===s&&(d.top.location.href=t.value))}},d.addEventListener(\"message\",d.wp.receiveEmbedMessage,!1),l.addEventListener(\"DOMContentLoaded\",function(){for(var e,t,s=l.querySelectorAll(\"iframe.wp-embedded-content\"),r=0;r<s.length;r++)(t=(e=s[r]).getAttribute(\"data-secret\"))||(t=Math.random().toString(36).substring(2,12),e.src+=\"#?secret=\"+t,e.setAttribute(\"data-secret\",t)),e.contentWindow.postMessage({message:\"ready\",secret:t},\"*\")},!1)))}(window,document);\n\/\/# sourceURL=https:\/\/www.sage.com\/fr-fr\/blog\/wp-includes\/js\/wp-embed.min.js\n\/* ]]> *\/\n<\/script>\n","thumbnail_url":"https:\/\/www.sage.com\/fr-fr\/blog\/wp-content\/uploads\/sites\/4\/2020\/03\/sage-teletravail-accompagnement-covid.jpg","thumbnail_width":1675,"thumbnail_height":1275,"description":"Dans le contexte d\u2019\u00e9pid\u00e9mie mondiale de coronavirus, patrons de TPE, Experts-Comptables, dirigeants de PME, DRH ou DAF des plus grandes entreprises, l\u2019ensemble des \u00e9quipes de Sage veut d\u2019abord vous dire que nous sommes l\u00e0, avec vous pour vous aider dans cette crise sans pr\u00e9c\u00e9dent, et pour vous accompagner au quotidien dans votre activit\u00e9."}