{"version":"1.0","provider_name":"Sage Advice France","provider_url":"https:\/\/www.sage.com\/fr-fr\/blog","author_name":"Jean-Fran\u00e7ois Dumas de Vaulx","author_url":"https:\/\/www.sage.com\/fr-fr\/blog\/author\/jeanfrancoisdumasdevaulx\/","title":"Chefs d\u2019entreprise : pensez \u00e0 la formation pour d\u00e9velopper votre business","type":"rich","width":600,"height":338,"html":"<blockquote class=\"wp-embedded-content\" data-secret=\"GNuQjkpEGB\"><a href=\"https:\/\/www.sage.com\/fr-fr\/blog\/formation-professionnelle-chef-entreprise-business\/\">Chefs d\u2019entreprise : pensez \u00e0 la formation pour d\u00e9velopper votre business<\/a><\/blockquote><iframe sandbox=\"allow-scripts\" security=\"restricted\" src=\"https:\/\/www.sage.com\/fr-fr\/blog\/formation-professionnelle-chef-entreprise-business\/embed\/#?secret=GNuQjkpEGB\" width=\"600\" height=\"338\" title=\"\u00ab\u00a0Chefs d\u2019entreprise : pensez \u00e0 la formation pour d\u00e9velopper votre business\u00a0\u00bb &#8212; Sage Advice France\" data-secret=\"GNuQjkpEGB\" frameborder=\"0\" marginwidth=\"0\" marginheight=\"0\" scrolling=\"no\" class=\"wp-embedded-content\"><\/iframe><script type=\"text\/javascript\">\n\/* <![CDATA[ *\/\n\/*! This file is auto-generated *\/\n!function(d,l){\"use strict\";l.querySelector&&d.addEventListener&&\"undefined\"!=typeof URL&&(d.wp=d.wp||{},d.wp.receiveEmbedMessage||(d.wp.receiveEmbedMessage=function(e){var t=e.data;if((t||t.secret||t.message||t.value)&&!\/[^a-zA-Z0-9]\/.test(t.secret)){for(var s,r,n,a=l.querySelectorAll('iframe[data-secret=\"'+t.secret+'\"]'),o=l.querySelectorAll('blockquote[data-secret=\"'+t.secret+'\"]'),c=new RegExp(\"^https?:$\",\"i\"),i=0;i<o.length;i++)o[i].style.display=\"none\";for(i=0;i<a.length;i++)s=a[i],e.source===s.contentWindow&&(s.removeAttribute(\"style\"),\"height\"===t.message?(1e3<(r=parseInt(t.value,10))?r=1e3:~~r<200&&(r=200),s.height=r):\"link\"===t.message&&(r=new URL(s.getAttribute(\"src\")),n=new URL(t.value),c.test(n.protocol))&&n.host===r.host&&l.activeElement===s&&(d.top.location.href=t.value))}},d.addEventListener(\"message\",d.wp.receiveEmbedMessage,!1),l.addEventListener(\"DOMContentLoaded\",function(){for(var e,t,s=l.querySelectorAll(\"iframe.wp-embedded-content\"),r=0;r<s.length;r++)(t=(e=s[r]).getAttribute(\"data-secret\"))||(t=Math.random().toString(36).substring(2,12),e.src+=\"#?secret=\"+t,e.setAttribute(\"data-secret\",t)),e.contentWindow.postMessage({message:\"ready\",secret:t},\"*\")},!1)))}(window,document);\n\/\/# sourceURL=https:\/\/www.sage.com\/fr-fr\/blog\/wp-includes\/js\/wp-embed.min.js\n\/* ]]> *\/\n<\/script>\n","thumbnail_url":"https:\/\/www.sage.com\/fr-fr\/blog\/wp-content\/uploads\/sites\/4\/2018\/12\/formations-chefs-entreprise-developper-business.jpg","thumbnail_width":1675,"thumbnail_height":1275,"description":"La formation professionnelle est rarement la priorit\u00e9 du dirigeant de TPE. Pourtant, prendre le temps de se poser pour mieux pr\u00e9parer l\u2019avenir de son entreprise peut \u00eatre gage de r\u00e9ussite, et de s\u00e9r\u00e9nit\u00e9 !"}