{"id":10002,"date":"2021-09-30T15:15:54","date_gmt":"2021-09-30T13:15:54","guid":{"rendered":"https:\/\/www.sage.com\/fr-fr\/blog\/?post_type=sage_glossary&#038;p=10002"},"modified":"2026-03-17T15:45:59","modified_gmt":"2026-03-17T14:45:59","slug":"la-plateforme-chorus-pro","status":"publish","type":"sage_glossary","link":"https:\/\/www.sage.com\/fr-fr\/blog\/glossaire\/la-plateforme-chorus-pro\/","title":{"rendered":"Chorus pro d\u00e9poser une facture"},"content":{"rendered":"<header class=\"entry-header has-dark-background-color entry-header--has-illustration entry-header--has-illustration--generic\">\n\t<div class=\"container\">\n\t\t<div class=\"entry-header__row row align-center\">\n\t\t\t<div class=\"col col-lg-7 col-xlg-6 entry-header__content\">\n\t\t\t\t\t\t\t<div class=\"component component-single-header\">\n\t\t\t\t\t\t\t\t\t\t<div class=\"entry-header__misc text--subtitle text--uppercase text--small\">\n\t\t\t\t\t\t\t<a href=\"https:\/\/www.sage.com\/fr-fr\/blog\/glossaire\/\" class=\"entry-header__link\">D\u00e9finition<\/a>\t\t\t\t\t\t<\/div>\n\t\t\t\t\n\t\t\t\t<div class=\"entry-title-wrapper\">\n\t\t\t\t\t<h1 class=\"entry-title\">\n\t\t\t\t\t\tChorus pro d\u00e9poser une facture\t\t\t\t\t<\/h1>\n\t\t\t\t<\/div>\n\n\t\t\t\t\n\t\t\t\t\n\t\t\t\t\n\t\t\t<\/div>\n\n\t\t\t\t\t<\/div>\n\t\t\t\t\t<\/div>\n\t<\/div>\n\t\t<div class=\"single-post-details container\">\n\t\t<div class=\"col\">\n\t\t\t<span class=\"reading-time\"> min de lecture<\/span>\n\t\t<button\n\t\t\ttype=\"button\"\n\t\t\tclass=\"social-share-button button button--icon button--secondary js-social-share-button\"\n\t\t\tdata-share-title=\"Chorus pro d\u00e9poser une facture\"\n\t\t\tdata-share-url=\"https:\/\/www.sage.com\/fr-fr\/blog\/glossaire\/la-plateforme-chorus-pro\/\"\n\t\t\tdata-share-text=\"Veuillez lire cet article int\u00e9ressant\"\n\t\t>\n\t\t\t<span class=\"social-share-button__share-label\">Partager<\/span>\n\t\t\t<span class=\"social-share-button__copy-label\" hidden>Copier le lien<\/span>\n\t\t\t<span class=\"social-share-button__copy-tooltip\" aria-hidden=\"true\" hidden>Copi\u00e9<\/span>\n\t\t<\/button>\n\n\t\t\t\t<\/div>\n\t<\/div>\n\t<\/header>\n\n\n\n<p class=\"wp-block-paragraph\">Obligatoire pour tous les fournisseurs publics, <a href=\"https:\/\/api.gouv.fr\/les-api\/chorus-pro\">l<\/a>a plateforme <a href=\"https:\/\/api.gouv.fr\/les-api\/chorus-pro\" target=\"_blank\" rel=\"noopener\">Chorus Pro<\/a> est une solution mutualis\u00e9e de facturation d\u00e9mat\u00e9rialis\u00e9e, permettant aux entreprises de transmettre leurs factures au format \u00e9lectronique. En 2020, <strong>54,6 millions de factures<\/strong> ont \u00e9t\u00e9 \u00e9mises via cette plateforme. D\u00e9couvrez son fonctionnement.<\/p>\n\n\n<?xml encoding=\"utf-8\" ?><div class=\"wp-block-yoast-seo-table-of-contents yoast-table-of-contents\"><ul><li><a href=\"#h-qu-est-ce-que-la-plateforme-chorus-pro\" data-level=\"2\">Qu&rsquo;est-ce que la plateforme Chorus Pro ?<\/a><\/li><li><a href=\"#h-qui-doit-deposer-ses-factures-sur-chorus-pro\" data-level=\"2\">Qui doit d&eacute;poser ses factures sur Chorus Pro ?<\/a><\/li><li><a href=\"#h-comment-fonctionne-la-plateforme-chorus-pro\" data-level=\"2\">Comment fonctionne la plateforme Chorus Pro ?<\/a><\/li><li><a href=\"#h-comment-ouvrir-un-compte-sur-chorus-pro\" data-level=\"2\">Comment ouvrir un compte sur Chorus Pro ?<\/a><\/li><li><a href=\"#h-comment-deposer-une-facture-sur-chorus-pro\" data-level=\"2\">Comment d&eacute;poser une facture sur Chorus Pro ?<\/a><\/li><li><a href=\"#h-comment-passer-en-mode-edi-ou-api\" data-level=\"2\">Comment passer en mode EDI ou API ?<\/a><\/li><\/ul><\/div>\n\n\n\n<div class=\"wp-block-buttons is-content-justification-center is-layout-flex wp-container-core-buttons-is-layout-fe48e5de wp-block-buttons-is-layout-flex\">\n<div class=\"wp-block-button\"><a class=\"wp-block-button__link wp-element-button\" href=\"#gate-ef5fadf6-6d44-4f96-86eb-e7f6eb123962\">T\u00e9l\u00e9chargez le guide de la facture \u00e9lectronique pour les PME<\/a><\/div>\n<\/div>\n\n\n\n<h2 class=\"wp-block-heading\" id=\"h-qu-est-ce-que-la-plateforme-chorus-pro\">Qu\u2019est-ce que la plateforme Chorus Pro ?<\/h2>\n\n\n\n<p class=\"wp-block-paragraph\"><strong>Chorus Pro<\/strong> est la seule plateforme permettant aux entreprises de transmettre leurs <a href=\"https:\/\/www.sage.com\/fr-fr\/dematerialisation\/facture-electronique\/\">factures \u00e9lectroniques<\/a> \u00e0 leurs clients publics. D\u00e9velopp\u00e9e par l&rsquo;AIFE (Agence pour l\u2019informatique financi\u00e8re de l\u2019\u00c9tat), elle fait suite \u00e0 la publication de l\u2019ordonnance du 26 juin 2014, obligeant l&rsquo;\u00c9tat, les collectivit\u00e9s territoriales et leurs \u00e9tablissements publics \u00e0 accepter les <strong>factures \u00e9lectroniques<\/strong> de leurs <a href=\"https:\/\/www.sage.com\/fr-fr\/blog\/glossaire\/fournisseurs-definition-du-fournisseur-en-gestion-dentreprise\/\">fournisseurs<\/a>, \u00e0 condition qu&rsquo;elles soient d\u00e9pos\u00e9es selon les modalit\u00e9s fix\u00e9es.<\/p>\n\n\n\n<p class=\"wp-block-paragraph\">Pour r\u00e9pondre \u00e0 cette obligation, Chorus Pro permet de transmettre toutes vos factures B2G (\u00ab <em>business to government<\/em> \u00bb) :<\/p>\n\n\n\n<ul class=\"wp-block-list\">\n<li>les factures simples ;<\/li>\n\n\n\n<li>les factures d&rsquo;avoir ;<\/li>\n\n\n\n<li>les factures de co-traitant ou de sous-traitant ;<\/li>\n\n\n\n<li>les documents de facturation des march\u00e9s de travaux.<\/li>\n<\/ul>\n\n\n\n<h2 class=\"wp-block-heading\" id=\"h-qui-doit-deposer-ses-factures-sur-chorus-pro\">Qui doit d\u00e9poser ses factures sur Chorus Pro ?<\/h2>\n\n\n\n<p class=\"wp-block-paragraph\">Quelle que soit la taille de votre entreprise, vous avez l&rsquo;obligation d&rsquo;utiliser la plateforme Chorus Pro si vous \u00e9ditez des factures \u00e0 destination :<\/p>\n\n\n\n<ul class=\"wp-block-list\">\n<li>de l&rsquo;\u00c9tat ;<\/li>\n\n\n\n<li>des \u00e9tablissements publics nationaux ;<\/li>\n\n\n\n<li>des collectivit\u00e9s territoriales et de leurs groupements ;<\/li>\n\n\n\n<li>des \u00e9tablissements publics locaux.<\/li>\n<\/ul>\n\n\n\n<p class=\"wp-block-paragraph\">Au total, <strong>1,12 million d&rsquo;entreprises<\/strong> sont fournisseurs de la sph\u00e8re publique, qui regroupe pr\u00e8s de 140 000 entit\u00e9s.\u00b9<\/p>\n\n\n\n<p class=\"wp-block-paragraph\">Bien qu&rsquo;elle concerne d\u00e9sormais toutes les entreprises, il est important de rappeler que l&rsquo;obligation d&rsquo;utiliser Chorus Pro s&rsquo;est faite de mani\u00e8re progressive :<\/p>\n\n\n\n<ul class=\"wp-block-list\">\n<li>\u00e0 partir de 2017 pour les personnes publiques et les grandes entreprises ;<\/li>\n\n\n\n<li>\u00e0 partir de 2018 pour les entreprises de taille interm\u00e9diaire ;<\/li>\n\n\n\n<li>\u00e0 partir de 2019 pour les petites et moyennes entreprises ;<\/li>\n\n\n\n<li>\u00e0 partir de 2020 pour les tr\u00e8s petites entreprises et les micro-entreprises.<\/li>\n<\/ul>\n\n\n\n<p class=\"wp-block-paragraph\">Enfin, rappelons que l&rsquo;\u00e9metteur de la facture d\u00e9mat\u00e9rialis\u00e9e peut-\u00eatre :<\/p>\n\n\n\n<ul class=\"wp-block-list\">\n<li>le titulaire du contrat aupr\u00e8s d&rsquo;un organisme public ;<\/li>\n\n\n\n<li>le sous-traitant recevant un paiement direct ;<\/li>\n\n\n\n<li>un organisme public.<\/li>\n<\/ul>\n\n\n\n<h2 class=\"wp-block-heading\" id=\"h-comment-fonctionne-la-plateforme-chorus-pro\">Comment fonctionne la plateforme Chorus Pro ?<\/h2>\n\n\n\n<p class=\"wp-block-paragraph\">Vous avez la possibilit\u00e9 d\u2019utiliser Chorus Pro de trois mani\u00e8res diff\u00e9rentes, notamment en fonction du volume de factures que vous avez \u00e0 transmettre :<\/p>\n\n\n\n<p class=\"wp-block-paragraph\">Le mode Portail : adapt\u00e9 principalement aux petites entreprises ayant un volume de facturation restreint, ce mode vous permet de saisir vos factures directement dans Chorus Pro ou de d\u00e9poser des factures respectant le format en vigueur.<\/p>\n\n\n\n<p class=\"wp-block-paragraph\">Le mode Service (ou API) : il vous permet d&rsquo;int\u00e9grer les services du mode Portail directement au syst\u00e8me d&rsquo;information (SI) de votre entreprise ou via un logiciel tiers, tel qu\u2019un <a href=\"https:\/\/www.sage.com\/fr-fr\/blog\/glossaire\/definition-qu-est-ce-qu-une-solution-erp-pgi\/\">ERP<\/a> (progiciel de gestion int\u00e9gr\u00e9) par exemple. C\u2019est via ce dernier que vous pouvez vous connecter \u00e0 Chorus Pro et, ainsi, transmettre automatiquement vos factures B2G.<\/p>\n\n\n\n<p class=\"wp-block-paragraph\">Le mode <a href=\"https:\/\/www.sage.com\/fr-fr\/blog\/glossaire\/edi-echange-de-donnees-informatise\/\">EDI<\/a> : ce mode consiste \u00e0 param\u00e9trer votre syst\u00e8me d&rsquo;information avec un op\u00e9rateur d\u00e9mat\u00e9rialis\u00e9. Gr\u00e2ce \u00e0 un \u00c9change de donn\u00e9es informatis\u00e9es (EDI), vos donn\u00e9es de facturation sont automatiquement normalis\u00e9es afin de respecter le format pr\u00e9vu par Chorus Pro, sans intervention de votre part.<\/p>\n\n\n\n<h2 class=\"wp-block-heading\" id=\"h-comment-ouvrir-un-compte-sur-chorus-pro\">Comment ouvrir un compte sur Chorus Pro ?<\/h2>\n\n\n\n<p class=\"wp-block-paragraph\">Pour utiliser Chorus Pro, tout particuli\u00e8rement en mode Portail, les entreprises ont l\u2019obligation de disposer d\u2019un compte. Pour cela, plusieurs \u00e9tapes sont \u00e0 respecter :<\/p>\n\n\n\n<p class=\"wp-block-paragraph\"><strong>Identifiez-vous<\/strong> : une fois sur <a href=\"https:\/\/chorus-pro.gouv.fr\/cpp\/utilisateur?execution=e1s1\">Chorus Pro<\/a>, vous devez identifier votre entreprise en indiquant une adresse email et un num\u00e9ro de <a href=\"https:\/\/www.sage.com\/fr-fr\/blog\/glossaire\/siret-siren-definition\/\">SIRET<\/a>. Consultez et corrigez \u00e9ventuellement les informations pr\u00e9remplies, puis compl\u00e9tez les champs vides. Notez que la premi\u00e8re personne \u00e0 cr\u00e9er le compte Chorus Pro d\u2019une entreprise en d\u00e9tient tous les droits.<\/p>\n\n\n\n<p class=\"wp-block-paragraph\"><strong>Param\u00e9trez votre compte<\/strong> : s\u00e9lectionnez ensuite les fonctionnalit\u00e9s dont vous avez besoin pour \u00e9mettre vos factures. Les fonctions \u00ab Factures \u00e9mises \u00bb et \u00ab Sollicitations \u00e9mises \u00bb sont activ\u00e9es par d\u00e9faut, tandis que 6 autres fonctionnalit\u00e9s peuvent \u00eatre ajout\u00e9es (factures de travaux, factures \u00e0 valider, engagements, suivi des flux, m\u00e9moires de frais de justice et demande de remboursement TIC). Une fois valid\u00e9, vous devez activer votre compte utilisateur en cliquant sur le lien re\u00e7u par email.<\/p>\n\n\n\n<p class=\"wp-block-paragraph\"><strong>Rattachez le compte \u00e0 votre structure<\/strong> : la fiche structure permet d&rsquo;identifier chaque entreprise \u00e9mettant ou recevant des factures en tant que fournisseur ou client public. Il est n\u00e9cessaire de rattacher le compte utilisateur \u00e0 la fiche structure ou, si celle-ci n&rsquo;existe pas encore, de la cr\u00e9er en renseignant plusieurs informations (SIRET, raison sociale et adresse). Si plusieurs personnes sont amen\u00e9es \u00e0 utiliser Chorus Pro, le gestionnaire de la fiche peut d\u00e9finir les autorisations d&rsquo;acc\u00e8s pour les diff\u00e9rents utilisateurs.<\/p>\n\n\n\n<h2 class=\"wp-block-heading\" id=\"h-comment-deposer-une-facture-sur-chorus-pro\">Comment d\u00e9poser une facture sur Chorus Pro ?<\/h2>\n\n\n\n<p class=\"wp-block-paragraph\">En mode Portail, adapt\u00e9 aux structures \u00e9mettant moins de 100 factures B2G par an, vous disposez de deux solutions pour transmettre vos factures :<\/p>\n\n\n\n<p class=\"wp-block-paragraph\"><strong>La saisie<\/strong> : cette fonction vous demande de saisir manuellement les donn\u00e9es de chaque facture au sein d&rsquo;un formulaire standardis\u00e9. Votre facture est ensuite g\u00e9n\u00e9r\u00e9e automatiquement par <strong>Chorus Pro<\/strong>.<\/p>\n\n\n\n<p class=\"wp-block-paragraph\"><strong>Le d\u00e9p\u00f4t<\/strong> : cette option vous permet de d\u00e9poser votre facture dans Chorus Pro, \u00e0 condition qu&rsquo;elle soit <strong>au format PDF ou XML<\/strong>. La mise en forme est donc conserv\u00e9e, mais vous devez v\u00e9rifier et compl\u00e9ter les champs identifi\u00e9s par Chorus Pro.<\/p>\n\n\n\n<p class=\"wp-block-paragraph\">Une fois votre facture saisie ou d\u00e9pos\u00e9e sur Chorus Pro, vous \u00eates inform\u00e9 si celle-ci est refus\u00e9e. Trois raisons peuvent d&rsquo;ailleurs l&rsquo;expliquer :<\/p>\n\n\n\n<ul class=\"wp-block-list\">\n<li><strong>Votre facture est \u00e0 recycler<\/strong> : cela signifie que les coordonn\u00e9es du destinataire sont erron\u00e9es. Vous devez modifier le SIRET, le code service (num\u00e9ro permettant d\u2019identifier le service destinataire de la facture) et\/ou le num\u00e9ro d&rsquo;engagement (code fourni par le client public), sans avoir besoin d&rsquo;\u00e9diter \u00e0 nouveau la facture.<\/li>\n\n\n\n<li><strong>Votre facture est suspendue<\/strong> : cela signifie qu&rsquo;il manque une ou plusieurs pi\u00e8ces jointes. Vous devez la ou les ajouter, puis renvoyer votre facture.<\/li>\n\n\n\n<li><strong>Votre facture est rejet\u00e9e<\/strong> : cela se produit si votre facture pr\u00e9sente une ou plusieurs erreurs. Vous devez \u00e9diter une nouvelle facture avant de la renvoyer au destinataire.<\/li>\n<\/ul>\n\n\n\n<h2 class=\"wp-block-heading\" id=\"h-comment-passer-en-mode-edi-ou-api\">Comment passer en mode EDI ou API ?<\/h2>\n\n\n\n<p class=\"wp-block-paragraph\">Selon les recommandations de <strong>Chorus Pro<\/strong>, le passage en mode <strong>EDI<\/strong> ou <strong>API<\/strong> n\u00e9cessite 3 mois de pr\u00e9paration, tout particuli\u00e8rement si vous ne vous faites pas accompagner par un tiers. Pour que le raccordement entre votre syst\u00e8me d\u2019information et la plateforme soit possible, il est en effet n\u00e9cessaire de suivre plusieurs \u00e9tapes :<\/p>\n\n\n\n<section class=\"wp-block-sage-container is-constrained is-style-bordered\"><div class=\"sage-container__inner\">\n<ol class=\"wp-block-list\">\n<li><strong>mettre \u00e0 jour votre base client<\/strong>s afin d&rsquo;identifier les organismes publics raccord\u00e9s \u00e0 Chorus Pro ;<\/li>\n\n\n\n<li><strong>collecter les param\u00e8tres de facturatio<\/strong>n \u00e9ventuellement exig\u00e9s : code de service et\/ou num\u00e9ro d&rsquo;engagement ;<\/li>\n\n\n\n<li><strong>d\u00e9finir votre organisation interne<\/strong>, notamment en ce qui concerne les utilisateurs et leurs habilitations respectives ;<\/li>\n\n\n\n<li><strong>s\u00e9lectionner le mode de transmission<\/strong> privil\u00e9gi\u00e9 : API ou EDI ;<\/li>\n\n\n\n<li><strong>choisir le mode de flux adapt\u00e9 <\/strong>\u00e0 votre organisation : facture, pivot ou cycle de vie ;<\/li>\n\n\n\n<li><strong>structurer les flux et r\u00e9aliser un test de fonctionnement<\/strong>, via le portail de Qualification par exemple ;<\/li>\n\n\n\n<li><strong>se raccorder \u00e0 Chorus Pro<\/strong>, soit en direct, soit via un op\u00e9rateur de d\u00e9mat\u00e9rialisation.<\/li>\n<\/ol>\n<\/div><\/section>\n\n\n\n<p class=\"wp-block-paragraph\"><br> \u00b9D\u00e9mat\u00e9rialisation des factures du Secteur Public &#8211; Pr\u00e9sentation des principes de fonctionnement de Chorus Pro pour les fournisseurs &#8211; AIFE &#8211; 2018<\/p>\n\n\n\n<p class=\"wp-block-paragraph\">Ces articles peuvent \u00e9galement vous int\u00e9resser : <\/p>\n\n\n\n<ul class=\"wp-block-list\">\n<li><a href=\"https:\/\/www.sage.com\/fr-fr\/blog\/facture-electronique-obligatoire-2026-3-leviers-pour-accelerer\/\" type=\"link\" id=\"https:\/\/www.sage.com\/fr-fr\/blog\/facture-electronique-obligatoire-2026-3-leviers-pour-accelerer\/\">Facture \u00e9lectronique obligatoire 2026 : 3 leviers pour acc\u00e9l\u00e9rer<\/a><\/li>\n\n\n\n<li><a href=\"https:\/\/www.sage.com\/fr-fr\/blog\/lannuaire-des-entreprises-pilier-de-la-facture-electronique\/\" type=\"link\" id=\"https:\/\/www.sage.com\/fr-fr\/blog\/lannuaire-des-entreprises-pilier-de-la-facture-electronique\/\">L\u2019annuaire des entreprises, pilier de la facture \u00e9lectronique<\/a><\/li>\n<\/ul>\n\n\n\n<div class=\"single-cta gated-content\">\n\t<div class=\"single-cta__positioner on-scroll-highlight__target\">\n\t\t<div class=\"single-cta__wrapper has-dark-background-color\">\n\t\t\t<div class=\"single-cta__content\">\n\t\t\t\t\t\t\t\t<h2 class=\"single-cta__title h3\">La facture \u00e9lectronique pour les TPE : le guide pas \u00e0 pas d&rsquo;un transition r\u00e9ussie<\/h2>\n\n\t\t\t\t\n\t\t\t\t\t\t\t\t\t\t\t\t\t\t<a\n\t\t\t\t\t\thref=\"#gate-bd444974-64de-400f-8271-1fb3c4bffcb9\"\n\t\t\t\t\t\tclass=\"single-cta__button button button--primary\"\n\t\t\t\t\t\t\t\t\t\t\t\t\t\t\t\t\t>T\u00e9l\u00e9charger le guide<\/a>\n\t\t\t\t\t\t\t<\/div>\n\n\t\t\t\t\t<\/div>\n\n\t\t\t\t\t<img decoding=\"async\" width=\"1215\" height=\"810\" src=\"https:\/\/www.sage.com\/fr-fr\/blog\/wp-content\/uploads\/sites\/4\/2023\/09\/GettyImages-608166817-1215x810.jpg\" class=\"single-cta__image\" alt=\"Un vendeuse et une cliente dans un magasin\" loading=\"lazy\" srcset=\"https:\/\/www.sage.com\/fr-fr\/blog\/wp-content\/uploads\/sites\/4\/2023\/09\/GettyImages-608166817-1215x810.jpg 1215w\" sizes=\"auto, (min-width: 48em) 33vw, 100vw\" \/>\t\t\t<\/div>\n<\/div>\n\n\n\n<p class=\"wp-block-paragraph\">&nbsp;<\/p>\n\n\n<div class=\"single-cta\">\n\t<div class=\"single-cta__positioner on-scroll-highlight__target\">\n\t\t<div class=\"single-cta__wrapper has-dark-background-color\">\n\t\t\t<div class=\"single-cta__content\">\n\t\t\t\t\t\t\t\t<h2 class=\"single-cta__title h3\">Inscrivez-vous \u00e0 la e-newsletter mensuelle<\/h2>\n\n\t\t\t\t\n\t\t\t\t\t\t\t\t\t\t\t\t\t\t<a\n\t\t\t\t\t\thref=\"#gate-a947ade1-e692-455f-94ce-a275d72a9a11\"\n\t\t\t\t\t\tclass=\"single-cta__button button button--primary\"\n\t\t\t\t\t\t\t\t\t\t\t\t\t\t\t\t\t>Je m&#039;abonne<\/a>\n\t\t\t\t\t\t\t<\/div>\n\n\t\t\t\t\t<\/div>\n\n\t\t\t\t\t<img decoding=\"async\" width=\"1024\" height=\"779\" src=\"https:\/\/www.sage.com\/fr-fr\/blog\/wp-content\/uploads\/sites\/4\/2021\/05\/spreadsheets-1024x779-1.jpg\" class=\"single-cta__image\" alt=\"\" loading=\"lazy\" srcset=\"https:\/\/www.sage.com\/fr-fr\/blog\/wp-content\/uploads\/sites\/4\/2021\/05\/spreadsheets-1024x779-1.jpg 1024w\" sizes=\"auto, (min-width: 48em) 33vw, 100vw\" \/>\t\t\t<\/div>\n<\/div>\n\n<section class=\"more-topics alignfull has-grey-light-background-color wp-block-sage-post-topics\">\n\t<div class=\"container\">\n\t\t<div class=\"row\">\n\t\t\t<div class=\"col col-12 col-lg-4\">\n\t\t\t\t<h3 class=\"more-topics__title h2\">Parcourir plus de sujets depuis cet article<\/h3>\n\t\t\t<\/div>\n\t\t\t<div class=\"col col-12 col-lg-8\">\n\t\t\t\t<ul class=\"post-tags__list\">\n\t\t\t\t\t\t\t\t\t\t\t<li class=\"post-tags__item\">\n\t\t\t\t\t\t\t<a href=\"https:\/\/www.sage.com\/fr-fr\/blog\/tag\/daf-directeur-administratif-financier\/\" class=\"post-tags__link button button--secondary\">\n\t\t\t\t\t\t\t\tDAF &#8211; Directeur Administratif &amp; Financier\t\t\t\t\t\t\t<\/a>\n\t\t\t\t\t\t<\/li>\n\t\t\t\t\t\t\t\t\t\t\t<li class=\"post-tags__item\">\n\t\t\t\t\t\t\t<a href=\"https:\/\/www.sage.com\/fr-fr\/blog\/tag\/erp\/\" class=\"post-tags__link button button--secondary\">\n\t\t\t\t\t\t\t\tERP\t\t\t\t\t\t\t<\/a>\n\t\t\t\t\t\t<\/li>\n\t\t\t\t\t\t\t\t\t\t\t<li class=\"post-tags__item\">\n\t\t\t\t\t\t\t<a href=\"https:\/\/www.sage.com\/fr-fr\/blog\/tag\/facture-electronique\/\" class=\"post-tags__link button button--secondary\">\n\t\t\t\t\t\t\t\tFacture \u00e9lectronique\t\t\t\t\t\t\t<\/a>\n\t\t\t\t\t\t<\/li>\n\t\t\t\t\t\t\t\t\t<\/ul>\n\t\t\t<\/div>\n\t\t<\/div>\n\t<\/div>\n<\/section>\n\n<div class=\"alignfull wp-block-sage-related-posts\">\n\t<section class=\"related-posts card-grid has-dark-background-color\">\n\t<div class=\"container\">\n\t\t\t\t\t<div class=\"row\">\n\t\t\t\t<div class=\"col\">\n\t\t\t\t\t<h2 class=\"related-posts__heading related-posts__heading--featured h1\">Explorez plus d&#039;articles<\/h2>\n\t\t\t\t<\/div>\n\t\t\t<\/div>\n\n\t\t\t<div class=\"row related-posts__featured\">\n\t\t\t\t<div class=\"col card-grid__item\">\n\t\t\t\t\t<article\n\t\tclass=\"card-post related-post related-post-0 post-30227 post type-post status-publish format-standard has-post-thumbnail hentry category-legal-et-reglementation tag-devis-et-gestion-commerciale tag-facture-electronique tag-reglementation business_type-artisans-et-petites-entreprises business_type-petites-et-moyennes-entreprises business_type-expertise-comptable industry-btp industry-industrie industry-negoce industry-services card-post--is-clickable\"\n>\n\t<div class=\"card-post__media-wrapper\">\n\t\t<figure class=\"card-post__media\">\n\t\t\t\t\t\t\t<img decoding=\"async\" width=\"1440\" height=\"810\" src=\"https:\/\/www.sage.com\/fr-fr\/blog\/wp-content\/uploads\/sites\/4\/2022\/04\/GettyImages-1352002639-1440x810.jpg\" class=\"card-post__image\" alt=\"Les 3 cas de rejet d\u2019une facture \u00e9lectronique\" loading=\"lazy\" srcset=\"https:\/\/www.sage.com\/fr-fr\/blog\/wp-content\/uploads\/sites\/4\/2022\/04\/GettyImages-1352002639-684x384.jpg 684w, https:\/\/www.sage.com\/fr-fr\/blog\/wp-content\/uploads\/sites\/4\/2022\/04\/GettyImages-1352002639-768x432.jpg 768w, https:\/\/www.sage.com\/fr-fr\/blog\/wp-content\/uploads\/sites\/4\/2022\/04\/GettyImages-1352002639-1440x810.jpg 1440w\" sizes=\"auto, (min-width: 48em) 250px, (min-width: 30em) 100vw, 100vw\" \/>\t\t\t\n\t\t\t\n\t\t\t\t\t<\/figure>\n\t<\/div>\n\n\t<div class=\"card-post__content\">\n\t\t\t\t\t<div class=\"card-post__label\">Recommand\u00e9<\/div>\n\t\t\n\t\t\t\t\t<div class=\"card-post__meta\">\n\t\t\t\t\t\t\t\t\t\t\t\t\t\t\t\t\t\t\t<span class=\"card-post__meta-text\"><span class=\"posted-on \"><time class=\"entry-date published\" datetime=\"2026-08-31T15:10:58+02:00\">31 ao\u00fbt 2026<\/time><\/span><\/span>\n\t\t\t\t\t\t\t\t\t\t\t<span class=\"card-post__meta-text\"><span class=\"reading-time\">8 min de lecture<\/span><\/span>\n\t\t\t\t\t\t\t\t\t\t\t\t<\/div>\n\t\t\n\t\t<p class=\"card-post__title h3\">\n\t\t\t\t\t\t\t<a\n\t\t\t\t\tclass=\"card-post__title-link\"\n\t\t\t\t\thref=\"https:\/\/www.sage.com\/fr-fr\/blog\/3-cas-de-rejet-d-une-facture-electronique\/\"\n\t\t\t\t>\n\t\t\t\n\t\t\tRejet d\u2019une facture \u00e9lectronique\u00a0: les 3 cas et comment les \u00e9viter\u00a0?\n\t\t\t\t\t\t\t<\/a>\n\t\t\t\t\t<\/p>\n\n\t\t\n\t\t\t\t\t<p class=\"card-post__description\">\n\t\t\t\tLe rejet d\u2019une facture \u00e9lectronique peut bloquer vos paiements.\nD\u00e9couvrez les 3 causes principales (\u00e9mission, r\u00e9ception, d\u00e9faut de plateforme) et comment les \u00e9viter pour garantir une transmission fluide.\nInformation pratique avec exemples concrets et solutions imm\u00e9diates.\t\t\t<\/p>\n\t\t\n\t\t\t<\/div>\n\n\t<\/article>\n\t\t\t\t<\/div>\n\t\t\t<\/div>\n\t\t\n\t\t\t\t\t<div class=\"row related-posts__non-featured\">\n\t\t\t\t<div class=\"col col-12\">\n\t\t\t\t\t<h2 class=\"related-posts__heading related-posts__heading--more h4\">En savoir plus sur ce sujet<\/h2>\n\t\t\t\t<\/div>\n\n\t\t\t\t\n\t\t\t\t\t<div class=\"col col-6 col-lg-3 card-grid__item\">\n\t\t\t\t\t\t<article\n\t\tclass=\"card-post related-post related-post-1 post-30159 post type-post status-publish format-standard has-post-thumbnail hentry category-interviews-clients tag-erp tag-temoignages-clients business_type-petites-et-moyennes-entreprises industry-services\"\n>\n\t\t\t<a\n\t\t\tclass=\"card-post__link\"\n\t\t\thref=\"https:\/\/www.sage.com\/fr-fr\/blog\/temoignage-samshield-equipements-equitation-sage-x3\/\"\n\t\t\t\t\t>\n\t\t\t<figure class=\"card-post__media\">\n\t\t\t\t\t\t\t<img decoding=\"async\" width=\"684\" height=\"384\" src=\"https:\/\/www.sage.com\/fr-fr\/blog\/wp-content\/uploads\/sites\/4\/2026\/07\/samshield-temoignage-sage-x3-article-684x384.jpg\" class=\"card-post__image\" alt=\"Samshield, en hypercroissance, stabilise ses donn\u00e9es avec Sage X3\" loading=\"lazy\" srcset=\"https:\/\/www.sage.com\/fr-fr\/blog\/wp-content\/uploads\/sites\/4\/2026\/07\/samshield-temoignage-sage-x3-article-684x384.jpg 684w, https:\/\/www.sage.com\/fr-fr\/blog\/wp-content\/uploads\/sites\/4\/2026\/07\/samshield-temoignage-sage-x3-article-768x433.jpg 768w, https:\/\/www.sage.com\/fr-fr\/blog\/wp-content\/uploads\/sites\/4\/2026\/07\/samshield-temoignage-sage-x3-article-1438x810.jpg 1438w\" sizes=\"auto, (min-width: 48em) 250px, (min-width: 30em) 100vw, 100vw\" \/>\t\t\t\n\t\t\t\n\t\t\t\t\t<\/figure>\n\n\t\t\n\t\t\t\t\t<div class=\"card-post__meta\">\n\t\t\t\t\t\t\t\t\t\t\t\t\t\t\t\t\t\t\t\t\t\t\t\t\t\t<span class=\"card-post__meta-text\"><span class=\"posted-on \"><time class=\"entry-date published\" datetime=\"2026-07-31T09:30:00+02:00\">31 juillet 2026<\/time><\/span><\/span>\n\t\t\t\t\t\t\t\t\t\t\t\t\t\t\t\t\t\t\t\t\t\t\t\t<span class=\"card-post__meta-text\"><span class=\"reading-time\">5 min de lecture<\/span><\/span>\n\t\t\t\t\t\t\t\t\t\t\t\t\t\t\t\t\t\t<\/div>\n\t\t\n\t\t<p class=\"card-post__title h5\">\n\t\t\tSamshield, en hypercroissance, stabilise ses donn\u00e9es avec Sage X3\t\t<\/p>\n\n\t\t\t<\/a>\n\t\n\t\n\t\t\n\t\n\t<\/article>\n\t\t\t\t\t<\/div>\n\t\t\t\t\n\t\t\t\t\t<div class=\"col col-6 col-lg-3 card-grid__item\">\n\t\t\t\t\t\t<article\n\t\tclass=\"card-post related-post related-post-2 post-30150 post type-post status-publish format-standard has-post-thumbnail hentry category-digitalisation-et-tendances tag-experience-client-et-satisfaction tag-facture-electronique tag-ia-digitalisation tag-logiciel-de-gestion tag-paiement-en-ligne business_type-artisans-et-petites-entreprises business_type-petites-et-moyennes-entreprises business_type-expertise-comptable industry-btp industry-industrie industry-negoce industry-services\"\n>\n\t\t\t<a\n\t\t\tclass=\"card-post__link\"\n\t\t\thref=\"https:\/\/www.sage.com\/fr-fr\/blog\/facture-electronique-paiement-ia-trio-reinvente-gestion-entreprise\/\"\n\t\t\t\t\t>\n\t\t\t<figure class=\"card-post__media\">\n\t\t\t\t\t\t\t<img decoding=\"async\" width=\"684\" height=\"384\" src=\"https:\/\/www.sage.com\/fr-fr\/blog\/wp-content\/uploads\/sites\/4\/2026\/07\/PhotoSAGEADVICE-684x384.jpeg\" class=\"card-post__image\" alt=\"Arnaud Petit, DG Sage\" loading=\"lazy\" srcset=\"https:\/\/www.sage.com\/fr-fr\/blog\/wp-content\/uploads\/sites\/4\/2026\/07\/PhotoSAGEADVICE-684x384.jpeg 684w, https:\/\/www.sage.com\/fr-fr\/blog\/wp-content\/uploads\/sites\/4\/2026\/07\/PhotoSAGEADVICE-768x512.jpeg 768w, https:\/\/www.sage.com\/fr-fr\/blog\/wp-content\/uploads\/sites\/4\/2026\/07\/PhotoSAGEADVICE-1215x810.jpeg 1215w\" sizes=\"auto, (min-width: 48em) 250px, (min-width: 30em) 100vw, 100vw\" \/>\t\t\t\n\t\t\t\n\t\t\t\t\t<\/figure>\n\n\t\t\n\t\t\t\t\t<div class=\"card-post__meta\">\n\t\t\t\t\t\t\t\t\t\t\t\t\t\t\t\t\t\t\t\t\t\t\t\t\t\t<span class=\"card-post__meta-text\"><span class=\"posted-on \"><time class=\"entry-date published\" datetime=\"2026-07-29T09:30:00+02:00\">29 juillet 2026<\/time><\/span><\/span>\n\t\t\t\t\t\t\t\t\t\t\t\t\t\t\t\t\t\t\t\t\t\t\t\t<span class=\"card-post__meta-text\"><span class=\"reading-time\">9 min de lecture<\/span><\/span>\n\t\t\t\t\t\t\t\t\t\t\t\t\t\t\t\t\t\t<\/div>\n\t\t\n\t\t<p class=\"card-post__title h5\">\n\t\t\tFacturation \u00e9lectronique, paiement et IA : comment ce trio va transformer la gestion des entreprises\t\t<\/p>\n\n\t\t\t<\/a>\n\t\n\t\n\t\t\n\t\n\t<\/article>\n\t\t\t\t\t<\/div>\n\t\t\t\t\n\t\t\t\t\t<div class=\"col col-6 col-lg-3 card-grid__item\">\n\t\t\t\t\t\t<article\n\t\tclass=\"card-post related-post related-post-3 post-30074 post type-post status-publish format-standard has-post-thumbnail hentry category-interviews-clients tag-devis-et-gestion-commerciale tag-experience-client-et-satisfaction tag-facture-electronique tag-temoignages-clients business_type-petites-et-moyennes-entreprises industry-services\"\n>\n\t\t\t<a\n\t\t\tclass=\"card-post__link\"\n\t\t\thref=\"https:\/\/www.sage.com\/fr-fr\/blog\/temoignage-sstrn-medecine-du-travail-sage-100\/\"\n\t\t\t\t\t>\n\t\t\t<figure class=\"card-post__media card-post__media--video\">\n\t\t\t\t\t\t\t<img decoding=\"async\" width=\"684\" height=\"384\" src=\"https:\/\/www.sage.com\/fr-fr\/blog\/wp-content\/uploads\/sites\/4\/2026\/07\/sstrn-sage-100-temoignage-facture-electronique-684x384.jpg\" class=\"card-post__image\" alt=\"Le SSTRN en avance sur la facture \u00e9lectronique gr\u00e2ce \u00e0 un SI 100 % Sage\" loading=\"lazy\" srcset=\"https:\/\/www.sage.com\/fr-fr\/blog\/wp-content\/uploads\/sites\/4\/2026\/07\/sstrn-sage-100-temoignage-facture-electronique-684x384.jpg 684w, https:\/\/www.sage.com\/fr-fr\/blog\/wp-content\/uploads\/sites\/4\/2026\/07\/sstrn-sage-100-temoignage-facture-electronique-768x432.jpg 768w, https:\/\/www.sage.com\/fr-fr\/blog\/wp-content\/uploads\/sites\/4\/2026\/07\/sstrn-sage-100-temoignage-facture-electronique-1440x810.jpg 1440w\" sizes=\"auto, (min-width: 48em) 250px, (min-width: 30em) 100vw, 100vw\" \/>\t\t\t\n\t\t\t\t\t\t\t\t\t\t\t\t<span class=\"card-post__play-video\">\n\t\t\t\t\t\t<svg role=\"presentation\" aria-hidden=\"true\" focusable=\"false\" class=\"card-post__play-icon svg-icon\" width=\"28\" height=\"28\" xmlns=\"http:\/\/www.w3.org\/2000\/svg\" viewbox=\"0 0 33 36\"><path d=\"M3.947.936C1.889 1.016 0 2.661 0 4.878v27.11c0 2.956 3.36 4.896 5.999 3.463l24.965-13.555c2.715-1.474 2.715-5.451 0-6.925L6 1.416a3.96 3.96 0 0 0-2.052-.48Zm.032 2.6c.232-.001.475.058.713.187L29.66 17.28c.986.535.986 1.774 0 2.309L4.692 33.144c-.952.517-1.999-.088-1.999-1.155V4.878c0-.533.261-.95.642-1.17.19-.11.411-.171.644-.172\" \/><\/svg>\t\t\t\t\t<\/span>\n\t\t\t\t\t\t\t\n\t\t\t\t\t<\/figure>\n\n\t\t\n\t\t\t\t\t<div class=\"card-post__meta\">\n\t\t\t\t\t\t\t\t\t<svg role=\"presentation\" aria-hidden=\"true\" focusable=\"false\" width=\"24\" height=\"24\" class=\"card-post__meta-icon svg-icon\" xmlns=\"http:\/\/www.w3.org\/2000\/svg\" viewbox=\"0 0 24 24\"><path d=\"M5.25 3C3.74 3 2.5 4.24 2.5 5.75v12.5C2.5 19.76 3.74 21 5.25 21h14c1.51 0 2.75-1.24 2.75-2.75V5.75C22 4.24 20.76 3 19.25 3zm0 1.5h14c.699 0 1.25.551 1.25 1.25v12.5a1.24 1.24 0 0 1-1.25 1.25h-14A1.24 1.24 0 0 1 4 18.25V5.75c0-.699.551-1.25 1.25-1.25m.25.75a.5.5 0 0 0-.5.5v.5a.5.5 0 0 0 .5.5H6a.5.5 0 0 0 .5-.5v-.5a.5.5 0 0 0-.5-.5zm13 0a.5.5 0 0 0-.5.5v.5a.5.5 0 0 0 .5.5h.5a.5.5 0 0 0 .5-.5v-.5a.5.5 0 0 0-.5-.5zm-8.25 2.751A1.248 1.248 0 0 0 9 9.251v5.5c0 .442.231.849.613 1.074.389.231.846.237 1.239.021l5.001-2.751c.396-.219.646-.639.646-1.094s-.25-.876-.646-1.095l-.001-.001-5.002-2.751a1.25 1.25 0 0 0-.601-.153zM5.5 8.25a.5.5 0 0 0-.5.5v.5a.5.5 0 0 0 .5.5H6a.5.5 0 0 0 .5-.5v-.5a.5.5 0 0 0-.5-.5zm13 0a.5.5 0 0 0-.5.5v.5a.5.5 0 0 0 .5.5h.5a.5.5 0 0 0 .5-.5v-.5a.5.5 0 0 0-.5-.5zm-8 1.423L14.731 12 10.5 14.328zm-5 1.577a.5.5 0 0 0-.5.5v.5a.5.5 0 0 0 .5.5H6a.5.5 0 0 0 .5-.5v-.5a.5.5 0 0 0-.5-.5zm13 0a.5.5 0 0 0-.5.5v.5a.5.5 0 0 0 .5.5h.5a.5.5 0 0 0 .5-.5v-.5a.5.5 0 0 0-.5-.5zm-13 3a.5.5 0 0 0-.5.5v.5a.5.5 0 0 0 .5.5H6a.5.5 0 0 0 .5-.5v-.5a.5.5 0 0 0-.5-.5zm13 0a.5.5 0 0 0-.5.5v.5a.5.5 0 0 0 .5.5h.5a.5.5 0 0 0 .5-.5v-.5a.5.5 0 0 0-.5-.5zm-13 3a.5.5 0 0 0-.5.5v.5a.5.5 0 0 0 .5.5H6a.5.5 0 0 0 .5-.5v-.5a.5.5 0 0 0-.5-.5zm13 0a.5.5 0 0 0-.5.5v.5a.5.5 0 0 0 .5.5h.5a.5.5 0 0 0 .5-.5v-.5a.5.5 0 0 0-.5-.5z\" \/><\/svg>\t\t\t\t\t\t\t\t\t\t\t\t\t\t\t\t\t\t\t\t\t\t\t\t\t\t<span class=\"card-post__meta-text\"><span class=\"posted-on \"><time class=\"entry-date published\" datetime=\"2026-07-24T10:00:00+02:00\">24 juillet 2026<\/time><\/span><\/span>\n\t\t\t\t\t\t\t\t\t\t\t\t\t\t\t\t\t\t\t\t\t\t\t\t<span class=\"card-post__meta-text\"><span class=\"reading-time\">13 min de lecture<\/span><\/span>\n\t\t\t\t\t\t\t\t\t\t\t\t\t\t\t\t\t\t<\/div>\n\t\t\n\t\t<p class=\"card-post__title h5\">\n\t\t\tLe SSTRN en avance sur la facture \u00e9lectronique gr\u00e2ce \u00e0 un SI 100 % Sage\t\t<\/p>\n\n\t\t\t<\/a>\n\t\n\t\n\t\t\n\t\n\t<\/article>\n\t\t\t\t\t<\/div>\n\t\t\t\t\n\t\t\t\t\t<div class=\"col col-6 col-lg-3 card-grid__item\">\n\t\t\t\t\t\t<article\n\t\tclass=\"card-post related-post related-post-4 post-30100 sage_glossary type-sage_glossary status-publish hentry tag-facture-electronique tag-fiscalite-impot tag-pme-pmi tag-reglementation\"\n>\n\t\t\t<a\n\t\t\tclass=\"card-post__link\"\n\t\t\thref=\"https:\/\/www.sage.com\/fr-fr\/blog\/glossaire\/statut-jeune-entreprise-innovante-impact-jeii\/\"\n\t\t\t\t\t>\n\t\t\t<figure class=\"card-post__media\">\n\t\t\t\t\t\t\t<img decoding=\"async\" src=\"https:\/\/www.sage.com\/fr-fr\/blog\/wp-content\/themes\/sage\/dist\/images\/placeholder-related.png\" class=\"card-post__image\" loading=\"lazy\" alt=\"\">\n\t\t\t\n\t\t\t\n\t\t\t\t\t<\/figure>\n\n\t\t\n\t\t\t\t\t<div class=\"card-post__meta\">\n\t\t\t\t\t\t\t\t\t\t\t\t\t\t\t\t\t\t\t\t\t\t\t\t\t\t\t\t\t\t\t\t\t\t\t\t\t<span class=\"card-post__meta-text\"><span class=\"reading-time\">4 min de lecture<\/span><\/span>\n\t\t\t\t\t\t\t\t\t\t\t\t\t\t\t\t\t\t<\/div>\n\t\t\n\t\t<p class=\"card-post__title h5\">\n\t\t\tStatut de jeune entreprise innovante \u00e0 impact (JEII) : d\u00e9finition et avantages\t\t<\/p>\n\n\t\t\t<\/a>\n\t\n\t\n\t\t\n\t\n\t<\/article>\n\t\t\t\t\t<\/div>\n\t\t\t\t\t\t\t<\/div>\n\t\t\t<\/div>\n<\/section>\n<\/div>\n","protected":false},"excerpt":{"rendered":"<p>Obligatoire pour tous les fournisseurs publics, la plateforme Chorus Pro est une solution mutualis\u00e9e de facturation d\u00e9mat\u00e9rialis\u00e9e, permettant aux entreprises de transmettre leurs factures au format \u00e9lectronique. En 2020, 54,6 millions de factures ont \u00e9t\u00e9 \u00e9mises via cette plateforme. D\u00e9couvrez son fonctionnement. Qu\u2019est-ce que la plateforme Chorus Pro ? Chorus Pro est la seule plateforme [&hellip;]<\/p>\n","protected":false},"author":1128,"featured_media":0,"template":"","meta":{"_sage_video":false,"footnotes":""},"tags":[605,99,660],"class_list":["post-10002","sage_glossary","type-sage_glossary","status-publish","hentry","tag-daf-directeur-administratif-financier","tag-erp","tag-facture-electronique"],"distributor_meta":false,"distributor_terms":false,"distributor_media":false,"distributor_original_site_name":"Sage Advice France","distributor_original_site_url":"https:\/\/www.sage.com\/fr-fr\/blog","push-errors":false,"_links":{"self":[{"href":"https:\/\/www.sage.com\/fr-fr\/blog\/api\/wp\/v2\/sage_glossary\/10002","targetHints":{"allow":["GET"]}}],"collection":[{"href":"https:\/\/www.sage.com\/fr-fr\/blog\/api\/wp\/v2\/sage_glossary"}],"about":[{"href":"https:\/\/www.sage.com\/fr-fr\/blog\/api\/wp\/v2\/types\/sage_glossary"}],"author":[{"embeddable":true,"href":"https:\/\/www.sage.com\/fr-fr\/blog\/api\/wp\/v2\/users\/1128"}],"version-history":[{"count":0,"href":"https:\/\/www.sage.com\/fr-fr\/blog\/api\/wp\/v2\/sage_glossary\/10002\/revisions"}],"wp:attachment":[{"href":"https:\/\/www.sage.com\/fr-fr\/blog\/api\/wp\/v2\/media?parent=10002"}],"wp:term":[{"taxonomy":"post_tag","embeddable":true,"href":"https:\/\/www.sage.com\/fr-fr\/blog\/api\/wp\/v2\/tags?post=10002"}],"curies":[{"name":"wp","href":"https:\/\/api.w.org\/{rel}","templated":true}]}}