{"id":10277,"date":"2021-12-02T07:15:55","date_gmt":"2021-12-02T06:15:55","guid":{"rendered":"https:\/\/www.sage.com\/fr-fr\/blog\/?post_type=sage_glossary&#038;p=10277"},"modified":"2026-03-18T11:10:06","modified_gmt":"2026-03-18T10:10:06","slug":"cpf-compte-personnel-formation-definition","status":"publish","type":"sage_glossary","link":"https:\/\/www.sage.com\/fr-fr\/blog\/glossaire\/cpf-compte-personnel-formation-definition\/","title":{"rendered":"CPF ou compte personnel de formation : d\u00e9finition"},"content":{"rendered":"<header class=\"entry-header has-dark-background-color entry-header--has-illustration entry-header--has-illustration--generic\">\n\t<div class=\"container\">\n\t\t<div class=\"entry-header__row row align-center\">\n\t\t\t<div class=\"col col-lg-7 col-xlg-6 entry-header__content\">\n\t\t\t\t\t\t\t<div class=\"component component-single-header\">\n\t\t\t\t\t\t\t\t\t\t<div class=\"entry-header__misc text--subtitle text--uppercase text--small\">\n\t\t\t\t\t\t\t<a href=\"https:\/\/www.sage.com\/fr-fr\/blog\/glossaire\/\" class=\"entry-header__link\">D\u00e9finition<\/a>\t\t\t\t\t\t<\/div>\n\t\t\t\t\n\t\t\t\t<div class=\"entry-title-wrapper\">\n\t\t\t\t\t<h1 class=\"entry-title\">\n\t\t\t\t\t\tCPF ou compte personnel de formation : d\u00e9finition\t\t\t\t\t<\/h1>\n\t\t\t\t<\/div>\n\n\t\t\t\t\n\t\t\t\t\n\t\t\t\t\n\t\t\t<\/div>\n\n\t\t\t\t\t<\/div>\n\t\t\t\t\t<\/div>\n\t<\/div>\n\t<div class=\"single-post-details container\">\n\t\t<div class=\"col\">\n\t\t\t<span class=\"reading-time\"> min de lecture<\/span>\n\t\t<button\n\t\t\ttype=\"button\"\n\t\t\tclass=\"social-share-button button button--icon button--secondary js-social-share-button\"\n\t\t\tdata-share-title=\"CPF ou compte personnel de formation : d\u00e9finition\"\n\t\t\tdata-share-url=\"https:\/\/www.sage.com\/fr-fr\/blog\/glossaire\/cpf-compte-personnel-formation-definition\/\"\n\t\t\tdata-share-text=\"Veuillez lire cet article int\u00e9ressant\"\n\t\t>\n\t\t\t<span class=\"social-share-button__share-label\">Partager<\/span>\n\t\t\t<span class=\"social-share-button__copy-label\" hidden>Copier le lien<\/span>\n\t\t\t<span class=\"social-share-button__copy-tooltip\" aria-hidden=\"true\" hidden>Copi\u00e9<\/span>\n\t\t<\/button>\n\n\t\t\t\t<\/div>\n\t<\/div>\n<\/header>\n\n\n\n<p>Le compte personnel de formation, ou CPF, a \u00e9t\u00e9 mis en place en 2015, en remplacement du droit individuel \u00e0 la formation (DIF). Rattach\u00e9 \u00e0 chaque actif, qu\u2019il soit salari\u00e9, ind\u00e9pendant ou en recherche d\u2019emploi, le CPF est un capital en euros ou en heures. Il est automatiquement aliment\u00e9 chaque ann\u00e9e et mobilisable tout au long de la vie. Adoss\u00e9 \u00e0 une plateforme en ligne, il permet \u00e0 chacun de financer des formations et certifications \u00e9ligibles.<\/p>\n\n\n<?xml encoding=\"utf-8\" ?><div class=\"wp-block-yoast-seo-table-of-contents yoast-table-of-contents\"><ul><li><a href=\"#h-qu-est-ce-que-le-cpf\" data-level=\"2\">Qu&rsquo;est-ce que le CPF ?<\/a><\/li><li><a href=\"#h-quelles-formations-sont-eligibles\" data-level=\"2\">Quelles formations sont &eacute;ligibles ?<\/a><\/li><li><a href=\"#h-comment-creer-un-compte\" data-level=\"2\">Comment cr&eacute;er un compte ?<\/a><\/li><li><a href=\"#h-comment-consulter-mon-compte\" data-level=\"2\">Comment consulter mon compte ?<\/a><\/li><li><a href=\"#h-peut-on-recuperer-l-argent-du-cpf\" data-level=\"2\">Peut-on r&eacute;cup&eacute;rer l&rsquo;argent du CPF ?<\/a><\/li><li><a href=\"#h-peut-on-donner-ses-heures\" data-level=\"2\">Peut-on donner ses heures ?<\/a><\/li><li><a href=\"#h-combien-d-heures-pour-un-permis-de-conduire\" data-level=\"2\">Combien d&rsquo;heures pour un permis de conduire ?<\/a><\/li><li><a href=\"#h-comment-fonctionne-le-cpf\" data-level=\"2\">Comment fonctionne le CPF ?<\/a><\/li><li><a href=\"#h-comment-rendre-une-formation-eligible\" data-level=\"2\">Comment rendre une formation &eacute;ligible ?<\/a><\/li><\/ul><\/div>\n\n\n\n<h2 class=\"wp-block-heading\" id=\"h-qu-est-ce-que-le-cpf\">Qu&rsquo;est-ce que le  CPF ?<\/h2>\n\n\n\n<p>Le <strong>CPF (Compte Personnel de Formation)<\/strong> est un dispositif public fran\u00e7ais qui permet \u00e0 toute personne active (salari\u00e9, demandeur d\u2019emploi, ind\u00e9pendant) d\u2019accumuler des droits \u00e0 la formation tout au long de sa vie professionnelle, afin de financer des formations qualifiantes ou certifiantes.<\/p>\n\n\n\n<h3 class=\"wp-block-heading\" id=\"h-comment-utiliser-son-compte-personnel-de-formation\">Comment utiliser son compte personnel de formation ?<\/h3>\n\n\n\n<p><strong>Le CPF permet aux salari\u00e9s de se former<\/strong>, hors de leur temps de travail, sans forc\u00e9ment solliciter l\u2019accord de leur employeur. Tous les b\u00e9n\u00e9ficiaires, qu\u2019ils soient soumis \u00e0 un contrat de travail, ind\u00e9pendants ou inscrits \u00e0 P\u00f4le emploi, peuvent utiliser leur cr\u00e9dit quand ils le souhaitent, en fonction de leurs besoins professionnels et\/ou de leurs envies personnelles de reconversion. Autrement dit, un utilisateur peut d\u00e9penser son cr\u00e9dit chaque ann\u00e9e dans des <strong>formations courtes<\/strong>, ou l\u2019\u00e9conomiser de sorte \u00e0 financer <strong>une formation plus engageante<\/strong>. Le CPF est <strong>plafonn\u00e9 \u00e0 5 000 euros<\/strong>, au terme de dix ans d\u2019\u00e9pargne pour le secteur priv\u00e9 ; et \u00e0 150 heures pour le secteur public. Les personnes en situation de handicap b\u00e9n\u00e9ficient de montants major\u00e9s, de m\u00eame que celles peu et pas qualifi\u00e9es.<\/p>\n\n\n\n<p>Si le CPF a vocation \u00e0 \u00eatre pilot\u00e9 <strong>de mani\u00e8re autonome par chacun<\/strong>, les choix de formation peuvent se faire en concertation avec l\u2019employeur ou avec P\u00f4le emploi, qui peuvent abonder pour financer le reste \u00e0 payer en cas de cr\u00e9dit insuffisant. La formation peut alors \u00eatre r\u00e9alis\u00e9e sur le temps de travail, avec l\u2019accord des deux parties.<\/p>\n\n\n\n<h3 class=\"wp-block-heading\" id=\"h-concretement-comment-ca-marche\">Concr\u00e8tement, comment \u00e7a marche ?<\/h3>\n\n\n\n<ol class=\"wp-block-list\">\n<li>L\u2019utilisateur choisit une formation sur la plateforme en ligne <a href=\"https:\/\/www.moncompteformation.gouv.fr\/espace-prive\/html\/#\/\" target=\"_blank\" rel=\"noopener\">Mon Compte Formation<\/a> ou l\u2019<a href=\"https:\/\/travail-emploi.gouv.fr\/actualites\/l-actualite-du-ministere\/article\/moncompteformation-1-telechargez\" target=\"_blank\" rel=\"noopener\">application mobile<\/a><\/li>\n\n\n\n<li>Son inscription est valid\u00e9e sous 48 heures (ou rejet\u00e9e)<\/li>\n\n\n\n<li>Son CPF est d\u00e9bit\u00e9 du montant de la formation suivie<\/li>\n<\/ol>\n\n\n\n<h2 class=\"wp-block-heading\" id=\"h-quelles-formations-sont-eligibles\">Quelles formations sont \u00e9ligibles ?<\/h2>\n\n\n\n<p>Les formations compatibles avec le CPF respectent un certain nombre de crit\u00e8res d\u2019\u00e9ligibilit\u00e9. Elles doivent notamment \u00eatre certifiantes, qualifiantes ou dipl\u00f4mantes.<\/p>\n\n\n\n<p>Au total, des dizaines de milliers de formations\u00b9 et certifications sont <a href=\"https:\/\/www.moncompteformation.gouv.fr\/espace-prive\/html\/#\/\" target=\"_blank\" rel=\"noopener\">r\u00e9f\u00e9renc\u00e9es en ligne<\/a>, issues de plus de 20 000 organismes. Ces formations couvrent un grand nombre de m\u00e9tiers, de <a href=\"https:\/\/www.sage.com\/fr-fr\/blog\/ceo-quels-talents-pour-vous-entourer\/\">comp\u00e9tences<\/a> et de formats, en pr\u00e9sentiel, <a href=\"https:\/\/www.sage.com\/fr-fr\/blog\/covid-19-conseils-optimiser-teletravail-entreprise\/\">\u00e0 distance<\/a> ou en mode hybride. On y trouve notamment des <strong>bilans de comp\u00e9tences<\/strong>, des <strong>formations<\/strong> de pr\u00e9paration \u00e0 certains permis de conduire ou \u00e0 la validation des acquis de l\u2019exp\u00e9rience (VAE).<\/p>\n\n\n\n<h2 class=\"wp-block-heading\" id=\"h-comment-creer-un-compte\">Comment cr\u00e9er un compte ?<\/h2>\n\n\n\n<p>Pour b\u00e9n\u00e9ficier du CPF et consulter ses droits \u00e0 la formation, il est n\u00e9cessaire de cr\u00e9er au pr\u00e9alable un compte en ligne, sur la plateforme Mon Compte Formation. Le num\u00e9ro de s\u00e9curit\u00e9 sociale associ\u00e9 aux nom, pr\u00e9nom et adresse, un email, un num\u00e9ro de t\u00e9l\u00e9phone et la cr\u00e9ation d\u2019un mot de passe seront n\u00e9cessaire pour valider l\u2019inscription.<\/p>\n\n\n\n<h2 class=\"wp-block-heading\" id=\"h-comment-consulter-mon-compte\">Comment consulter mon compte ?<\/h2>\n\n\n\n<p>La consultation des droits CPF s\u2019effectue en ligne, sur la plateforme Mon Compte Formation ou via l\u2019application mobile d\u00e9di\u00e9e. Elle est soumise \u00e0 la cr\u00e9ation d\u2019un compte personnel et individuel. Les connexions s\u2019effectuent soit via le dispositif <a href=\"https:\/\/franceconnect.gouv.fr\/\" target=\"_blank\" rel=\"noopener\"><strong>FranceConnect<\/strong><\/a> (qui offre un acc\u00e8s universel aux administrations fran\u00e7aises en ligne), soit gr\u00e2ce au mot de passe choisi lors de la cr\u00e9ation du compte, associ\u00e9 au num\u00e9ro de s\u00e9curit\u00e9 sociale.<\/p>\n\n\n\n<p>Une fois connect\u00e9.e, les informations suivantes apparaissent dans la rubrique \u00ab Mes droits formation \u00bb :<\/p>\n\n\n\n<ul class=\"wp-block-list\">\n<li>le montant en euros, pour les salari\u00e9s, les ind\u00e9pendants et les personnes en recherche d\u2019emploi ;<\/li>\n\n\n\n<li>le solde en heures, pour les fonctionnaires et contractuels du service public ;<\/li>\n\n\n\n<li>l\u2019historique des cr\u00e9dits (les versements annuels) et des d\u00e9bits (les d\u00e9penses li\u00e9es aux formations en cours ou pass\u00e9es, financ\u00e9es par le CPF).<\/li>\n\n\n\n<li>Le compte d\u2019un salari\u00e9 \u00e0 temps plein est <strong>cr\u00e9dit\u00e9 chaque ann\u00e9e de 500 euros<\/strong>, quel que soit son montant de salaire et hors cas particuliers.<\/li>\n<\/ul>\n\n\n\n<h2 class=\"wp-block-heading\" id=\"h-peut-on-recuperer-l-argent-du-cpf\">Peut-on r\u00e9cup\u00e9rer l\u2019argent du CPF ?<\/h2>\n\n\n\n<p>Les sommes en euros cr\u00e9dit\u00e9es sur un CPF sont <strong>utilisables exclusivement pour financer les formations et certifications \u00e9ligibles<\/strong>. Elles ne peuvent en aucun cas \u00eatre transf\u00e9r\u00e9es sur un compte bancaire.<\/p>\n\n\n\n<p>\u00c0 noter qu\u2019il n\u2019est plus possible de transf\u00e9rer les heures de formations acquises au titre du DIF (droit \u00e0 la formation) sur le CPF.<\/p>\n\n\n\n<h2 class=\"wp-block-heading\" id=\"h-peut-on-donner-ses-heures\">Peut-on donner ses heures ?<\/h2>\n\n\n\n<p>Le solde de CPF en heures (pour les personnes relevant de la fonction publique) ou le montant cr\u00e9dit\u00e9 en euros ne peuvent pas \u00eatre c\u00e9d\u00e9s \u00e0 un tiers, m\u00eame s\u2019il poss\u00e8de lui-m\u00eame un compte personnel de formation.<\/p>\n\n\n\n<h2 class=\"wp-block-heading\" id=\"h-combien-d-heures-pour-un-permis-de-conduire\">Combien d\u2019heures pour un permis de conduire ?<\/h2>\n\n\n\n<p>La pr\u00e9paration aux permis B (voiture ou camionnette), C, C1, C1E, CE (poids-lourds) et D, D1, D1E, DE (transport de personnes) peut \u00eatre financ\u00e9e ou co-financ\u00e9e par le CPF, \u00e0 trois conditions :<\/p>\n\n\n\n<ul class=\"wp-block-list\">\n<li>la formation doit s\u2019inscrire dans le cadre d\u2019un projet professionnel ;<\/li>\n\n\n\n<li>le demandeur ne fait pas l\u2019objet d\u2019une suspension, d\u2019une interdiction ou d\u2019un retrait du permis en question ;<\/li>\n\n\n\n<li>l\u2019auto-\u00e9cole est agr\u00e9\u00e9e et reconnue officiellement comme organisme de formation.<\/li>\n<\/ul>\n\n\n\n<p>Le cr\u00e9dit CPF n\u00e9cessaire pour financer un permis de conduire d\u00e9pend du taux horaire ou du montant forfaitaire pratiqu\u00e9 par l\u2019auto-\u00e9cole. \u00c0 noter qu\u2019un salari\u00e9 du priv\u00e9 \u00e0 temps plein voit son CPF cr\u00e9dit\u00e9 de 500 euros par an. La pr\u00e9paration d\u2019un permis B requiert a minima 20 heures de conduite. Selon l\u2019UFC-Que Choisir, le prix moyen pour l\u2019obtention d\u2019un permis B est d\u2019environ 1800 euros.<\/p>\n\n\n\n<h2 class=\"wp-block-heading\" id=\"h-comment-fonctionne-le-cpf\">Comment fonctionne le CPF ?<\/h2>\n\n\n\n<p>Le CPF cherche \u00e0 faciliter l\u2019acc\u00e8s aux droits \u00e0 la formation de tous les actifs, d\u00e8s leur entr\u00e9e dans le monde du travail et tout au long de leur vie professionnelle. Pour financer une formation, les actifs n\u2019ont plus \u00e0 solliciter un acteur tiers, l\u2019op\u00e9rateur de comp\u00e9tences (OPCO) pour monter le dossier et valider la prise en charge financi\u00e8re. D\u00e9sormais, la <a href=\"https:\/\/www.sage.com\/fr-fr\/blog\/digitaliser-formation-outils\/\">d\u00e9marche d\u00e9mat\u00e9rialis\u00e9e<\/a> est simplifi\u00e9e : un salari\u00e9 peut utiliser son capital CPF en lien direct avec l\u2019organisme de formation qu\u2019il a choisi. L\u2019accord de financement et l\u2019inscription lui sont g\u00e9n\u00e9ralement confirm\u00e9s sous 48 heures, hors cas sp\u00e9cifiques, contre plusieurs semaines auparavant.<\/p>\n\n\n\n<p>En coulisses, le dispositif est g\u00e9r\u00e9 par la Caisse des D\u00e9p\u00f4ts.<\/p>\n\n\n\n<h2 class=\"wp-block-heading\" id=\"h-comment-rendre-une-formation-eligible\">Comment rendre une formation \u00e9ligible ?<\/h2>\n\n\n\n<p>Seuls les <strong>organismes de formation (OF)<\/strong> peuvent dispenser des formations \u00e9ligibles au CPF. Pour r\u00e9f\u00e9rencer leurs formations, les OF doivent au pr\u00e9alable d\u00e9poser une demande en ligne sur le site de <a href=\"https:\/\/certifpro.francecompetences.fr\/webapp\/rncp\/\" target=\"_blank\" rel=\"noopener\">France Comp\u00e9tences<\/a> pour figurer au <strong>R\u00e9pertoire national des certifications professionnelles (RNCP)<\/strong> ou au <strong>R\u00e9pertoire sp\u00e9cifique (RS)<\/strong>. <a href=\"https:\/\/www.francecompetences.fr\/fiche\/comment-une-demande-denregistrement-au-rncp-est-elle-evaluee-2\/\">Parmi les nombreux crit\u00e8res d\u2019enregistrement et de recevabilit\u00e9<\/a>, seront jug\u00e9s la qualit\u00e9 des r\u00e9f\u00e9rentiels d\u2019activit\u00e9, de comp\u00e9tences et d\u2019\u00e9valuation &#8211; ou l\u2019impact de la certification en mati\u00e8re d\u2019acc\u00e8s ou de retour \u00e0 l\u2019emploi.<\/p>\n\n\n<div class=\"single-cta\">\n\t<div class=\"single-cta__positioner\">\n\t\t<div class=\"single-cta__wrapper has-dark-background-color\">\n\t\t\t<div class=\"single-cta__content\">\n\t\t\t\t\t\t\t\t<h2 class=\"single-cta__title h3\">Inscrivez-vous \u00e0 la e-newsletter mensuelle<\/h2>\n\n\t\t\t\t\n\t\t\t\t\t\t\t\t\t\t\t\t\t\t<a\n\t\t\t\t\t\thref=\"#gate-a947ade1-e692-455f-94ce-a275d72a9a11\"\n\t\t\t\t\t\tclass=\"single-cta__button button button--primary\"\n\t\t\t\t\t\t\t\t\t\t\t\t\t\t\t\t\t>Je m&#039;abonne<\/a>\n\t\t\t\t\t\t\t<\/div>\n\n\t\t\t\t\t<\/div>\n\n\t\t\t\t\t<img decoding=\"async\" width=\"1024\" height=\"779\" src=\"https:\/\/www.sage.com\/fr-fr\/blog\/wp-content\/uploads\/sites\/4\/2021\/05\/spreadsheets-1024x779-1.jpg\" class=\"single-cta__image\" alt=\"\" loading=\"lazy\" srcset=\"https:\/\/www.sage.com\/fr-fr\/blog\/wp-content\/uploads\/sites\/4\/2021\/05\/spreadsheets-1024x779-1.jpg 1024w\" sizes=\"auto, (min-width: 48em) 33vw, 100vw\" \/>\t\t\t<\/div>\n<\/div>\n","protected":false},"excerpt":{"rendered":"<p>Le compte personnel de formation, ou CPF, a \u00e9t\u00e9 mis en place en 2015, en remplacement du droit individuel \u00e0 la formation (DIF). Rattach\u00e9 \u00e0 chaque actif, qu\u2019il soit salari\u00e9, ind\u00e9pendant ou en recherche d\u2019emploi, le CPF est un capital en euros ou en heures. Il est automatiquement aliment\u00e9 chaque ann\u00e9e et mobilisable tout au [&hellip;]<\/p>\n","protected":false},"author":1299,"featured_media":0,"template":"","meta":{"_sage_video":false,"footnotes":""},"tags":[144,271,147],"class_list":["post-10277","sage_glossary","type-sage_glossary","status-publish","hentry","tag-carriere-professionnelle-et-emploi","tag-collaborateurs","tag-formation-professionnelle"],"distributor_meta":false,"distributor_terms":false,"distributor_media":false,"distributor_original_site_name":"Sage Advice France","distributor_original_site_url":"https:\/\/www.sage.com\/fr-fr\/blog","push-errors":false,"_links":{"self":[{"href":"https:\/\/www.sage.com\/fr-fr\/blog\/api\/wp\/v2\/sage_glossary\/10277","targetHints":{"allow":["GET"]}}],"collection":[{"href":"https:\/\/www.sage.com\/fr-fr\/blog\/api\/wp\/v2\/sage_glossary"}],"about":[{"href":"https:\/\/www.sage.com\/fr-fr\/blog\/api\/wp\/v2\/types\/sage_glossary"}],"author":[{"embeddable":true,"href":"https:\/\/www.sage.com\/fr-fr\/blog\/api\/wp\/v2\/users\/1299"}],"version-history":[{"count":2,"href":"https:\/\/www.sage.com\/fr-fr\/blog\/api\/wp\/v2\/sage_glossary\/10277\/revisions"}],"predecessor-version":[{"id":29302,"href":"https:\/\/www.sage.com\/fr-fr\/blog\/api\/wp\/v2\/sage_glossary\/10277\/revisions\/29302"}],"wp:attachment":[{"href":"https:\/\/www.sage.com\/fr-fr\/blog\/api\/wp\/v2\/media?parent=10277"}],"wp:term":[{"taxonomy":"post_tag","embeddable":true,"href":"https:\/\/www.sage.com\/fr-fr\/blog\/api\/wp\/v2\/tags?post=10277"}],"curies":[{"name":"wp","href":"https:\/\/api.w.org\/{rel}","templated":true}]}}