{"id":19905,"date":"2026-03-12T15:15:02","date_gmt":"2026-03-12T14:15:02","guid":{"rendered":"https:\/\/www.sage.com\/fr-fr\/blog\/?post_type=sage_glossary&#038;p=19905"},"modified":"2026-03-12T15:19:10","modified_gmt":"2026-03-12T14:19:10","slug":"facture-proforma-definition-et-usages","status":"publish","type":"sage_glossary","link":"https:\/\/www.sage.com\/fr-fr\/blog\/glossaire\/facture-proforma-definition-et-usages\/","title":{"rendered":"Facture proforma : d\u00e9finition, exemple et usages"},"content":{"rendered":"<header class=\"entry-header has-dark-background-color entry-header--has-illustration entry-header--has-illustration--generic\">\n\t<div class=\"container\">\n\t\t<div class=\"entry-header__row row align-center\">\n\t\t\t<div class=\"col col-lg-7 col-xlg-6 entry-header__content\">\n\t\t\t\t\t\t\t<div class=\"component component-single-header\">\n\t\t\t\t\t\t\t\t\t\t<div class=\"entry-header__misc text--subtitle text--uppercase text--small\">\n\t\t\t\t\t\t\t<a href=\"https:\/\/www.sage.com\/fr-fr\/blog\/glossaire\/\" class=\"entry-header__link\">D\u00e9finition<\/a>\t\t\t\t\t\t<\/div>\n\t\t\t\t\n\t\t\t\t<div class=\"entry-title-wrapper\">\n\t\t\t\t\t<h1 class=\"entry-title\">\n\t\t\t\t\t\tFacture proforma : d\u00e9finition, exemple et usages\t\t\t\t\t<\/h1>\n\t\t\t\t<\/div>\n\n\t\t\t\t\n\t\t\t\t\n\t\t\t\t\n\t\t\t<\/div>\n\n\t\t\t\t\t<\/div>\n\t\t\t\t\t<\/div>\n\t<\/div>\n\t\t<div class=\"single-post-details container\">\n\t\t<div class=\"col\">\n\t\t\t<span class=\"reading-time\"> min de lecture<\/span>\n\t\t<button\n\t\t\ttype=\"button\"\n\t\t\tclass=\"social-share-button button button--icon button--secondary js-social-share-button\"\n\t\t\tdata-share-title=\"Facture proforma : d\u00e9finition, exemple et usages\"\n\t\t\tdata-share-url=\"https:\/\/www.sage.com\/fr-fr\/blog\/glossaire\/facture-proforma-definition-et-usages\/\"\n\t\t\tdata-share-text=\"Veuillez lire cet article int\u00e9ressant\"\n\t\t>\n\t\t\t<span class=\"social-share-button__share-label\">Partager<\/span>\n\t\t\t<span class=\"social-share-button__copy-label\" hidden>Copier le lien<\/span>\n\t\t\t<span class=\"social-share-button__copy-tooltip\" aria-hidden=\"true\" hidden>Copi\u00e9<\/span>\n\t\t<\/button>\n\n\t\t\t\t<\/div>\n\t<\/div>\n\t<\/header>\n\n\n\n<p class=\"wp-block-paragraph\">Ne vous y trompez pas une facture proforma n\u2019est pas une facture\u00a0! D\u00e9couvrez tout ce qu\u2019il faut savoir sur ce document.<\/p>\n\n\n<?xml encoding=\"utf-8\" ?><div class=\"wp-block-yoast-seo-table-of-contents yoast-table-of-contents\"><ul><li><a href=\"#definition\" data-level=\"2\">Qu&rsquo;est-ce qu&rsquo;une facture proforma ?<\/a><ul><li><a href=\"#h-quelles-informations-doit-elle-contenir\" data-level=\"3\">Quelles informations doit-elle contenir ?<\/a><\/li><li><a href=\"#h-exemple\" data-level=\"3\">Exemple<\/a><\/li><li><a href=\"#differences\" data-level=\"3\">Quelle est la diff&eacute;rence entre une facture proforma et un devis&nbsp;?<\/a><\/li><\/ul><\/li><li><a href=\"#pourquoi\" data-level=\"2\">Pourquoi faire une proforma ?<\/a><\/li><li><a href=\"#logiciel\" data-level=\"2\">Pourquoi utiliser un logiciel comptable ?<\/a><\/li><\/ul><\/div>\n\n\n\n<div class=\"wp-block-buttons is-content-justification-center is-layout-flex wp-container-core-buttons-is-layout-fe48e5de wp-block-buttons-is-layout-flex\">\n<div class=\"wp-block-button\"><a class=\"wp-block-button__link wp-element-button\" href=\"#gate-bd444974-64de-400f-8271-1fb3c4bffcb9\">T\u00e9l\u00e9chargez le guide de la facture \u00e9lectronique pour les TPE<\/a><\/div>\n<\/div>\n\n\n\n<h2 class=\"wp-block-heading\" id=\"definition\"><strong>Qu\u2019est-ce qu\u2019une facture proforma ?<\/strong><\/h2>\n\n\n\n<p class=\"wp-block-paragraph\">Une facture proforma est un <strong>document commercial provisoire envoy\u00e9 par un vendeur \u00e0 un client avant la transaction d\u00e9finitive<\/strong>. Elle d\u00e9taille les produits ou services propos\u00e9s, les quantit\u00e9s, les prix, les taxes, les conditions de paiement et de livraison. <\/p>\n\n\n\n<p class=\"wp-block-paragraph\"> La proforma est g\u00e9n\u00e9ralement utilis\u00e9e pour :<\/p>\n\n\n\n<ul class=\"wp-block-list\">\n<li>pr\u00e9senter une offre commerciale pr\u00e9cise, <\/li>\n\n\n\n<li>obtenir un paiement anticip\u00e9, <\/li>\n\n\n\n<li>faciliter certaines d\u00e9marches administratives comme l\u2019import-export et les formalit\u00e9s douani\u00e8res. <\/li>\n<\/ul>\n\n\n\n<section class=\"wp-block-sage-container is-constrained is-style-bordered\"><div class=\"sage-container__inner\">\n<p class=\"wp-block-paragraph\"><strong>\u00c0 noter : la facture proforma n\u2019a pas de valeur comptable ou fiscale et ne permet pas de d\u00e9duire la TVA<\/strong>.<\/p>\n<\/div><\/section>\n\n\n\n<h3 class=\"wp-block-heading\" id=\"h-quelles-informations-doit-elle-contenir\"><strong>Quelles informations doit-elle contenir ?<\/strong><\/h3>\n\n\n\n<p class=\"wp-block-paragraph\">Une facture proforma doit contenir plusieurs informations importantes.<\/p>\n\n\n\n<ul class=\"wp-block-list\">\n<li>La mention \u00ab&nbsp;facture proforma&nbsp;\u00bb pour \u00e9viter toute confusion avec une facture commerciale.<\/li>\n\n\n\n<li>Les informations relatives \u00e0 votre entreprise (noms, coordonn\u00e9es, raison sociale, <a href=\"https:\/\/www.sage.com\/fr-fr\/blog\/glossaire\/siret-siren-definition\/\">SIRET\/SIREN<\/a>\u2026)<\/li>\n\n\n\n<li>Les coordonn\u00e9es du client<\/li>\n\n\n\n<li>Le d\u00e9tail des marchandises ou services propos\u00e9s&nbsp;: intitul\u00e9, quantit\u00e9, prix unitaire et prix total HT et TTC<\/li>\n\n\n\n<li>Si applicable, les frais de livraison et autres frais suppl\u00e9mentaires<\/li>\n\n\n\n<li>La devise dans laquelle la transaction sera effectu\u00e9e<\/li>\n\n\n\n<li>Le montant de la <a href=\"https:\/\/www.sage.com\/fr-fr\/blog\/glossaire\/tva-taxe-sur-valeur-ajoutee-definition\/\">TVA<\/a> si applicable<\/li>\n\n\n\n<li>La date de l&rsquo;offre et sa dur\u00e9e de validit\u00e9<\/li>\n\n\n\n<li>Les conditions de vente y compris les modalit\u00e9s de paiement et de livraison.<\/li>\n<\/ul>\n\n\n\n<h3 class=\"wp-block-heading\" id=\"h-exemple\">Exemple<\/h3>\n\n\n\n<div style=\"max-width:800px;margin:auto;font-family:Arial, sans-serif;border:1px solid #ddd;padding:25px\">\n\n<h2 style=\"text-align:center;\">FACTURE PROFORMA<\/h2>\n\n<table style=\"width:100%;margin-bottom:20px\">\n<tr>\n<td>\n<strong>Vendeur :<\/strong><br>\nTechSolutions SARL<br>\n15 Rue des Entrepreneurs<br>\n21000 Dijon, France<br>\nEmail : contact@techsolutions.fr<br>\nTVA : FR45812456789\n<\/td>\n\n<td style=\"text-align:right\">\n<strong>Client :<\/strong><br>\nDigital Market Ltd<br>\n22 Baker Street<br>\nLondon, UK<br>\nEmail : accounts@digitalmarket.co.uk\n<\/td>\n<\/tr>\n<\/table>\n\n<hr>\n\n<p>\n<strong>Facture Proforma N\u00b0 :<\/strong> PF-2026-014<br>\n<strong>Date :<\/strong> 12\/03\/2026<br>\n<strong>Validit\u00e9 :<\/strong> 30 jours\n<\/p>\n\n<table style=\"width:100%;border-collapse:collapse;margin-top:20px\">\n<tr style=\"background:#f5f5f5\">\n<th style=\"border:1px solid #ddd;padding:8px;text-align:left\">Description<\/th>\n<th style=\"border:1px solid #ddd;padding:8px\">Quantit\u00e9<\/th>\n<th style=\"border:1px solid #ddd;padding:8px\">Prix unitaire (\u20ac)<\/th>\n<th style=\"border:1px solid #ddd;padding:8px\">Total (\u20ac)<\/th>\n<\/tr>\n\n<tr>\n<td style=\"border:1px solid #ddd;padding:8px\">Ordinateur portable Dell Latitude<\/td>\n<td style=\"border:1px solid #ddd;padding:8px;text-align:center\">5<\/td>\n<td style=\"border:1px solid #ddd;padding:8px;text-align:center\">950<\/td>\n<td style=\"border:1px solid #ddd;padding:8px;text-align:center\">4 750<\/td>\n<\/tr>\n\n<tr>\n<td style=\"border:1px solid #ddd;padding:8px\">Installation et configuration<\/td>\n<td style=\"border:1px solid #ddd;padding:8px;text-align:center\">5<\/td>\n<td style=\"border:1px solid #ddd;padding:8px;text-align:center\">80<\/td>\n<td style=\"border:1px solid #ddd;padding:8px;text-align:center\">400<\/td>\n<\/tr>\n\n<tr>\n<td style=\"border:1px solid #ddd;padding:8px\">Support technique (3 mois)<\/td>\n<td style=\"border:1px solid #ddd;padding:8px;text-align:center\">1<\/td>\n<td style=\"border:1px solid #ddd;padding:8px;text-align:center\">300<\/td>\n<td style=\"border:1px solid #ddd;padding:8px;text-align:center\">300<\/td>\n<\/tr>\n\n<\/table>\n\n<table style=\"width:100%;margin-top:20px\">\n<tr>\n<td style=\"text-align:right\"><strong>Sous-total :<\/strong><\/td>\n<td style=\"width:120px;text-align:right\">5 450 \u20ac<\/td>\n<\/tr>\n\n<tr>\n<td style=\"text-align:right\"><strong>TVA (20%) :<\/strong><\/td>\n<td style=\"text-align:right\">1 090 \u20ac<\/td>\n<\/tr>\n\n<tr>\n<td style=\"text-align:right;font-size:18px\"><strong>Total TTC :<\/strong><\/td>\n<td style=\"text-align:right;font-size:18px\"><strong>6 540 \u20ac<\/strong><\/td>\n<\/tr>\n<\/table>\n\n<p style=\"margin-top:30px;font-size:14px;color:#555\">\n<strong>Note :<\/strong> Ceci est une facture proforma fournie \u00e0 titre informatif.\nElle ne constitue pas une facture d\u00e9finitive.\n<\/p>\n\n<\/div>\n\n\n\n<h3 class=\"wp-block-heading\" id=\"differences\"><strong>Quelle est la diff\u00e9rence entre une facture proforma et un devis\u00a0?<\/strong><\/h3>\n\n\n\n<p class=\"wp-block-paragraph\">La facture proforma et le devis sont deux documents commerciaux utilis\u00e9s avant la vente, mais ils n\u2019ont pas exactement le m\u00eame r\u00f4le ni la m\u00eame valeur juridique.<\/p>\n\n\n\n<ul class=\"wp-block-list\">\n<li><strong>Le devis est une proposition commerciale d\u00e9taill\u00e9e<\/strong> qui pr\u00e9sente une estimation du prix d\u2019un produit ou d\u2019un service avant la r\u00e9alisation de la prestation. Le devis sign\u00e9 constitue un <strong>engagement contractuel<\/strong> entre le client et le fournisseur. <\/li>\n<\/ul>\n\n\n\n<p class=\"wp-block-paragraph\" id=\"differences\"><strong>La facture proforma est<\/strong> <strong>une pr\u00e9-facture informative<\/strong>. Elle est utilis\u00e9e pour pr\u00e9senter les d\u00e9tails d\u2019une transaction avant l\u2019\u00e9mission de la facture d\u00e9finitive. <strong>Elle n\u2019a pas de valeur comptable ou fiscale<\/strong> et ne permet pas de <a href=\"https:\/\/entreprendre.service-public.gouv.fr\/vosdroits\/F23569\" type=\"link\" id=\"https:\/\/entreprendre.service-public.gouv.fr\/vosdroits\/F23569\" target=\"_blank\" rel=\"noreferrer noopener\">d\u00e9duire la TVA<\/a>.<\/p>\n\n\n\n<h2 class=\"wp-block-heading\" id=\"pourquoi\"><strong>Pourquoi faire une proforma ?<\/strong><\/h2>\n\n\n\n<p class=\"wp-block-paragraph\">\u00c9mettre une <strong>facture proforma<\/strong> pr\u00e9sente plusieurs avantages pour les entreprises et les professionnels. <\/p>\n\n\n\n<p class=\"wp-block-paragraph\"><strong>1. Clarifier les conditions de la transaction<\/strong><\/p>\n\n\n\n<p class=\"wp-block-paragraph\">La facture proforma permet de <strong>pr\u00e9senter en d\u00e9tail les produits ou services propos\u00e9s<\/strong>, avec les quantit\u00e9s, les prix unitaires, la TVA et le montant total. Cela aide le client \u00e0 comprendre pr\u00e9cis\u00e9ment l\u2019offre avant de confirmer la commande.<\/p>\n\n\n\n<p class=\"wp-block-paragraph\"><strong>2. S\u00e9curiser la relation commerciale<\/strong><\/p>\n\n\n\n<p class=\"wp-block-paragraph\">En envoyant une proforma, le vendeur peut <strong>formaliser les conditions de vente<\/strong> (prix, d\u00e9lais, livraison, paiement). Cela limite les malentendus et facilite l\u2019accord entre les deux parties.<\/p>\n\n\n\n<p class=\"wp-block-paragraph\"><strong>3. Demander un paiement anticip\u00e9<\/strong><\/p>\n\n\n\n<p class=\"wp-block-paragraph\">Une facture proforma peut \u00eatre utilis\u00e9e pour <strong>demander un acompte ou un paiement complet avant la livraison<\/strong>. C\u2019est une pratique fr\u00e9quente pour les commandes importantes ou pour les nouveaux clients.<\/p>\n\n\n\n<p class=\"wp-block-paragraph\"><strong>4. Faciliter les d\u00e9marches administratives<\/strong><\/p>\n\n\n\n<p class=\"wp-block-paragraph\">Dans certains cas, notamment dans le <strong>commerce international<\/strong>, la facture proforma est utilis\u00e9e pour <strong>les formalit\u00e9s douani\u00e8res, les <a href=\"https:\/\/www.sage.com\/fr-fr\/blog\/glossaire\/importation-de-marchandises-definition-et-comptablite\/\" type=\"link\" id=\"https:\/\/www.sage.com\/fr-fr\/blog\/glossaire\/importation-de-marchandises-definition-et-comptablite\/\">d\u00e9clarations d\u2019import-export <\/a>ou les demandes de financement<\/strong>.<\/p>\n\n\n\n<p class=\"wp-block-paragraph\"><strong>5. Pr\u00e9parer la facture d\u00e9finitive<\/strong><\/p>\n\n\n\n<p class=\"wp-block-paragraph\">La proforma sert \u00e9galement de <strong>base pour \u00e9tablir la facture finale<\/strong>. Toutes les informations n\u00e9cessaires sont d\u00e9j\u00e0 pr\u00e9sentes, ce qui simplifie la gestion administrative et la facturation.<\/p>\n\n\n\n<h2 class=\"wp-block-heading\" id=\"logiciel\"><strong>Pourquoi utiliser un logiciel comptable  ?<\/strong><\/h2>\n\n\n\n<p class=\"wp-block-paragraph\">L&rsquo;utilisation d&rsquo;un <a href=\"https:\/\/www.sage.com\/fr-fr\/comptabilite-logiciels\/facturation\/\">logiciel comptable<\/a> pour \u00e9tablir une facture proforma pr\u00e9sente plusieurs avantages&nbsp;:<\/p>\n\n\n\n<ul class=\"wp-block-list\">\n<li>Automatiser le processus de cr\u00e9ation des factures et donc gagner du temps.<\/li>\n\n\n\n<li>\u00c9viter les erreurs qui peuvent survenir lors de la cr\u00e9ation manuelle de factures&nbsp;: toutes les informations obligatoires son int\u00e9gr\u00e9es dans le logiciel.<\/li>\n\n\n\n<li>Faciliter la conversion d&rsquo;une facture proforma en une <a href=\"https:\/\/www.sage.com\/fr-fr\/blog\/glossaire\/facture-definition-de-la-facturation-au-sein-des-entreprises\/\">facture client<\/a> une fois que la transaction a \u00e9t\u00e9 finalis\u00e9e.<\/li>\n\n\n\n<li>Garder une trace de toutes les proforma \u00e9mises. Cela peut \u00eatre utile pour la gestion des stocks et la planification financi\u00e8re.<\/li>\n<\/ul>\n\n\n\n<p class=\"wp-block-paragraph\">Glossaire initialement publi\u00e9 le 29\/04\/2026. Derni\u00e8re mise \u00e0 jour le 12\/03\/2026.<\/p>\n\n\n\n<p class=\"wp-block-paragraph\">Ces articles peuvent \u00e9galement vous int\u00e9resser&nbsp;:<\/p>\n\n\n\n<ul class=\"wp-block-list\">\n<li><a href=\"https:\/\/www.sage.com\/fr-fr\/blog\/glossaire\/recu-facture\/\">Re\u00e7u ou facture : quelles diff\u00e9rences ?<\/a><\/li>\n\n\n\n<li><a href=\"https:\/\/www.sage.com\/fr-fr\/blog\/glossaire\/facturation-hors-ue-union-europeenne\/\">Facturation hors UE : les r\u00e8gles \u00e0 suivre<\/a><\/li>\n\n\n\n<li><a href=\"https:\/\/www.sage.com\/fr-fr\/blog\/glossaire\/facture-acquittee-definition\/\">Facture acquitt\u00e9e : ce qu\u2019il faut savoir<\/a><\/li>\n\n\n\n<li><a href=\"https:\/\/www.sage.com\/fr-fr\/blog\/e-facture-de-quoi-sagit-il\/\">e-facture : de quoi s\u2019agit-il ?<\/a><\/li>\n<\/ul>\n\n\n\n<div class=\"single-cta gated-content\">\n\t<div class=\"single-cta__positioner on-scroll-highlight__target\">\n\t\t<div class=\"single-cta__wrapper has-dark-background-color\">\n\t\t\t<div class=\"single-cta__content\">\n\t\t\t\t\t\t\t\t<h2 class=\"single-cta__title h3\">La facture \u00e9lectronique pour les TPE : le guide pas \u00e0 pas d&rsquo;un transition r\u00e9ussie<\/h2>\n\n\t\t\t\t\n\t\t\t\t\t\t\t\t\t\t\t\t\t\t<a\n\t\t\t\t\t\thref=\"#gate-bd444974-64de-400f-8271-1fb3c4bffcb9\"\n\t\t\t\t\t\tclass=\"single-cta__button button button--primary\"\n\t\t\t\t\t\t\t\t\t\t\t\t\t\t\t\t\t>T\u00e9l\u00e9charger le guide<\/a>\n\t\t\t\t\t\t\t<\/div>\n\n\t\t\t\t\t<\/div>\n\n\t\t\t\t\t<img decoding=\"async\" width=\"1215\" height=\"810\" src=\"https:\/\/www.sage.com\/fr-fr\/blog\/wp-content\/uploads\/sites\/4\/2023\/09\/GettyImages-608166817-1215x810.jpg\" class=\"single-cta__image\" alt=\"Un vendeuse et une cliente dans un magasin\" loading=\"lazy\" srcset=\"https:\/\/www.sage.com\/fr-fr\/blog\/wp-content\/uploads\/sites\/4\/2023\/09\/GettyImages-608166817-1215x810.jpg 1215w\" sizes=\"auto, (min-width: 48em) 33vw, 100vw\" \/>\t\t\t<\/div>\n<\/div>\n\n\n<div class=\"single-cta\">\n\t<div class=\"single-cta__positioner on-scroll-highlight__target\">\n\t\t<div class=\"single-cta__wrapper has-dark-background-color\">\n\t\t\t<div class=\"single-cta__content\">\n\t\t\t\t\t\t\t\t<h2 class=\"single-cta__title h3\">Inscrivez-vous \u00e0 la e-newsletter mensuelle<\/h2>\n\n\t\t\t\t\n\t\t\t\t\t\t\t\t\t\t\t\t\t\t<a\n\t\t\t\t\t\thref=\"#gate-a947ade1-e692-455f-94ce-a275d72a9a11\"\n\t\t\t\t\t\tclass=\"single-cta__button button button--primary\"\n\t\t\t\t\t\t\t\t\t\t\t\t\t\t\t\t\t>Je m&#039;abonne<\/a>\n\t\t\t\t\t\t\t<\/div>\n\n\t\t\t\t\t<\/div>\n\n\t\t\t\t\t<img decoding=\"async\" width=\"1024\" height=\"779\" src=\"https:\/\/www.sage.com\/fr-fr\/blog\/wp-content\/uploads\/sites\/4\/2021\/05\/spreadsheets-1024x779-1.jpg\" class=\"single-cta__image\" alt=\"\" loading=\"lazy\" srcset=\"https:\/\/www.sage.com\/fr-fr\/blog\/wp-content\/uploads\/sites\/4\/2021\/05\/spreadsheets-1024x779-1.jpg 1024w\" sizes=\"auto, (min-width: 48em) 33vw, 100vw\" \/>\t\t\t<\/div>\n<\/div>\n\n<section class=\"more-topics alignfull has-grey-light-background-color wp-block-sage-post-topics\">\n\t<div class=\"container\">\n\t\t<div class=\"row\">\n\t\t\t<div class=\"col col-12 col-lg-4\">\n\t\t\t\t<h3 class=\"more-topics__title h2\">Parcourir plus de sujets depuis cet article<\/h3>\n\t\t\t<\/div>\n\t\t\t<div class=\"col col-12 col-lg-8\">\n\t\t\t\t<ul class=\"post-tags__list\">\n\t\t\t\t\t\t\t\t\t\t\t<li class=\"post-tags__item\">\n\t\t\t\t\t\t\t<a href=\"https:\/\/www.sage.com\/fr-fr\/blog\/tag\/comptabilite\/\" class=\"post-tags__link button button--secondary\">\n\t\t\t\t\t\t\t\tComptabilit\u00e9\t\t\t\t\t\t\t<\/a>\n\t\t\t\t\t\t<\/li>\n\t\t\t\t\t\t\t\t\t\t\t<li class=\"post-tags__item\">\n\t\t\t\t\t\t\t<a href=\"https:\/\/www.sage.com\/fr-fr\/blog\/tag\/tresorerie\/\" class=\"post-tags__link button button--secondary\">\n\t\t\t\t\t\t\t\tTr\u00e9sorerie\t\t\t\t\t\t\t<\/a>\n\t\t\t\t\t\t<\/li>\n\t\t\t\t\t\t\t\t\t<\/ul>\n\t\t\t<\/div>\n\t\t<\/div>\n\t<\/div>\n<\/section>\n\n<div class=\"alignfull wp-block-sage-related-posts\">\n\t<section class=\"related-posts card-grid has-dark-background-color\">\n\t<div class=\"container\">\n\t\t\t\t\t<div class=\"row\">\n\t\t\t\t<div class=\"col\">\n\t\t\t\t\t<h2 class=\"related-posts__heading related-posts__heading--featured h1\">Explorez plus d&#039;articles<\/h2>\n\t\t\t\t<\/div>\n\t\t\t<\/div>\n\n\t\t\t<div class=\"row related-posts__featured\">\n\t\t\t\t<div class=\"col card-grid__item\">\n\t\t\t\t\t<article\n\t\tclass=\"card-post related-post related-post-0 post-30036 post type-post status-publish format-standard has-post-thumbnail hentry category-legal-et-reglementation tag-comptabilite tag-facture-electronique tag-reglementation business_type-artisans-et-petites-entreprises business_type-petites-et-moyennes-entreprises business_type-expertise-comptable industry-services card-post--is-clickable\"\n>\n\t<div class=\"card-post__media-wrapper\">\n\t\t<figure class=\"card-post__media\">\n\t\t\t\t\t\t\t<img decoding=\"async\" width=\"1440\" height=\"810\" src=\"https:\/\/www.sage.com\/fr-fr\/blog\/wp-content\/uploads\/sites\/4\/2022\/04\/GettyImages-1279589946-1440x810.jpg\" class=\"card-post__image\" alt=\"Que devient le secret professionnel des avocats avec la RFE ? I Sage Advice France\" loading=\"lazy\" srcset=\"https:\/\/www.sage.com\/fr-fr\/blog\/wp-content\/uploads\/sites\/4\/2022\/04\/GettyImages-1279589946-684x384.jpg 684w, https:\/\/www.sage.com\/fr-fr\/blog\/wp-content\/uploads\/sites\/4\/2022\/04\/GettyImages-1279589946-768x432.jpg 768w, https:\/\/www.sage.com\/fr-fr\/blog\/wp-content\/uploads\/sites\/4\/2022\/04\/GettyImages-1279589946-1440x810.jpg 1440w\" sizes=\"auto, (min-width: 48em) 250px, (min-width: 30em) 100vw, 100vw\" \/>\t\t\t\n\t\t\t\n\t\t\t\t\t<\/figure>\n\t<\/div>\n\n\t<div class=\"card-post__content\">\n\t\t\t\t\t<div class=\"card-post__label\">Recommand\u00e9<\/div>\n\t\t\n\t\t\t\t\t<div class=\"card-post__meta\">\n\t\t\t\t\t\t\t\t\t\t\t\t\t\t\t\t\t\t\t<span class=\"card-post__meta-text\"><span class=\"posted-on \"><time class=\"entry-date published\" datetime=\"2026-07-02T10:00:00+02:00\">2 juillet 2026<\/time><\/span><\/span>\n\t\t\t\t\t\t\t\t\t\t\t<span class=\"card-post__meta-text\"><span class=\"reading-time\">13 min de lecture<\/span><\/span>\n\t\t\t\t\t\t\t\t\t\t\t\t<\/div>\n\t\t\n\t\t<p class=\"card-post__title h3\">\n\t\t\t\t\t\t\t<a\n\t\t\t\t\tclass=\"card-post__title-link\"\n\t\t\t\t\thref=\"https:\/\/www.sage.com\/fr-fr\/blog\/rfe-que-devient-le-secret-professionnel-des-avocats\/\"\n\t\t\t\t>\n\t\t\t\n\t\t\tQue devient le secret professionnel des avocats avec la facture \u00e9lectronique\u00a0?\n\t\t\t\t\t\t\t<\/a>\n\t\t\t\t\t<\/p>\n\n\t\t\n\t\t\t\t\t<p class=\"card-post__description\">\n\t\t\t\tLa r\u00e9forme de la facture \u00e9lectronique impose aux avocats une transparence accrue envers l\u2019administration fiscale. Pourtant, cette obligation se heurte au secret professionnel, pilier de la relation avocat-client. Gr\u00e2ce au cas d\u2019usage n\u00b036 et \u00e0 des plateformes agr\u00e9\u00e9es s\u00e9curis\u00e9es, les cabinets peuvent toutefois concilier conformit\u00e9 fiscale et confidentialit\u00e9. Les libell\u00e9s g\u00e9n\u00e9riques, le chiffrement des donn\u00e9es et l\u2019h\u00e9bergement en France\/UE deviennent des leviers cl\u00e9s. \nCe cadre, encore en cours de n\u00e9gociation sur certains points, prouve que facture \u00e9lectronique et secret professionnel des avocats peuvent coexister.\t\t\t<\/p>\n\t\t\n\t\t\t<\/div>\n\n\t<\/article>\n\t\t\t\t<\/div>\n\t\t\t<\/div>\n\t\t\n\t\t\t\t\t<div class=\"row related-posts__non-featured\">\n\t\t\t\t<div class=\"col col-12\">\n\t\t\t\t\t<h2 class=\"related-posts__heading related-posts__heading--more h4\">En savoir plus sur ce sujet<\/h2>\n\t\t\t\t<\/div>\n\n\t\t\t\t\n\t\t\t\t\t<div class=\"col col-6 col-lg-3 card-grid__item\">\n\t\t\t\t\t\t<article\n\t\tclass=\"card-post related-post related-post-1 post-29955 post type-post status-publish format-standard has-post-thumbnail hentry category-digitalisation-et-tendances tag-cabinet-expert-comptable tag-comptabilite tag-facture-electronique business_type-expertise-comptable industry-services\"\n>\n\t\t\t<a\n\t\t\tclass=\"card-post__link\"\n\t\t\thref=\"https:\/\/www.sage.com\/fr-fr\/blog\/expert-comptable-facture-electronique-nouvelles-missions\/\"\n\t\t\t\t\t>\n\t\t\t<figure class=\"card-post__media\">\n\t\t\t\t\t\t\t<img decoding=\"async\" width=\"684\" height=\"384\" src=\"https:\/\/www.sage.com\/fr-fr\/blog\/wp-content\/uploads\/sites\/4\/2022\/04\/GettyImages-1138451009-684x384.jpg\" class=\"card-post__image\" alt=\"Facture \u00e9lectronique : quelles nouvelles missions pour l\u2019expert-comptable ?\" loading=\"lazy\" srcset=\"https:\/\/www.sage.com\/fr-fr\/blog\/wp-content\/uploads\/sites\/4\/2022\/04\/GettyImages-1138451009-684x384.jpg 684w, https:\/\/www.sage.com\/fr-fr\/blog\/wp-content\/uploads\/sites\/4\/2022\/04\/GettyImages-1138451009-768x432.jpg 768w, https:\/\/www.sage.com\/fr-fr\/blog\/wp-content\/uploads\/sites\/4\/2022\/04\/GettyImages-1138451009-1440x810.jpg 1440w\" sizes=\"auto, (min-width: 48em) 250px, (min-width: 30em) 100vw, 100vw\" \/>\t\t\t\n\t\t\t\n\t\t\t\t\t<\/figure>\n\n\t\t\n\t\t\t\t\t<div class=\"card-post__meta\">\n\t\t\t\t\t\t\t\t\t\t\t\t\t\t\t\t\t\t\t\t\t\t\t\t\t\t<span class=\"card-post__meta-text\"><span class=\"posted-on \"><time class=\"entry-date published\" datetime=\"2026-06-29T10:00:00+02:00\">29 juin 2026<\/time><\/span><\/span>\n\t\t\t\t\t\t\t\t\t\t\t\t\t\t\t\t\t\t\t\t\t\t\t\t<span class=\"card-post__meta-text\"><span class=\"reading-time\">6 min de lecture<\/span><\/span>\n\t\t\t\t\t\t\t\t\t\t\t\t\t\t\t\t\t\t<\/div>\n\t\t\n\t\t<p class=\"card-post__title h5\">\n\t\t\tExperts-comptables : la facture \u00e9lectronique, tremplin vers de nouvelles missions\t\t<\/p>\n\n\t\t\t<\/a>\n\t\n\t\n\t\t\n\t\n\t<\/article>\n\t\t\t\t\t<\/div>\n\t\t\t\t\n\t\t\t\t\t<div class=\"col col-6 col-lg-3 card-grid__item\">\n\t\t\t\t\t\t<article\n\t\tclass=\"card-post related-post related-post-2 post-30016 post type-post status-publish format-standard has-post-thumbnail hentry category-guides-et-modeles-gratuits tag-comptabilite tag-daf-directeur-administratif-financier tag-ia-digitalisation tag-intelligence-artificielle tag-logiciel-de-gestion business_type-artisans-et-petites-entreprises business_type-petites-et-moyennes-entreprises industry-btp industry-industrie industry-negoce industry-services\"\n>\n\t\t\t<a\n\t\t\tclass=\"card-post__link\"\n\t\t\thref=\"https:\/\/www.sage.com\/fr-fr\/blog\/guide-pilotage-financier-avantage-concurrentiel\/\"\n\t\t\t\t\t>\n\t\t\t<figure class=\"card-post__media\">\n\t\t\t\t\t\t\t<img decoding=\"async\" width=\"684\" height=\"384\" src=\"https:\/\/www.sage.com\/fr-fr\/blog\/wp-content\/uploads\/sites\/4\/2023\/09\/GettyImages-1392324314-684x384.jpg\" class=\"card-post__image\" alt=\"Livre blanc PILOTAGE FINANCIER NOUVELLE G\u00c9N\u00c9RATION : L\u2019AVANTAGE CONCURRENTIEL 2027\" loading=\"lazy\" srcset=\"https:\/\/www.sage.com\/fr-fr\/blog\/wp-content\/uploads\/sites\/4\/2023\/09\/GettyImages-1392324314-684x384.jpg 684w, https:\/\/www.sage.com\/fr-fr\/blog\/wp-content\/uploads\/sites\/4\/2023\/09\/GettyImages-1392324314-768x512.jpg 768w, https:\/\/www.sage.com\/fr-fr\/blog\/wp-content\/uploads\/sites\/4\/2023\/09\/GettyImages-1392324314-1215x810.jpg 1215w\" sizes=\"auto, (min-width: 48em) 250px, (min-width: 30em) 100vw, 100vw\" \/>\t\t\t\n\t\t\t\n\t\t\t\t\t<\/figure>\n\n\t\t\n\t\t\t\t\t<div class=\"card-post__meta\">\n\t\t\t\t\t\t\t\t\t<svg role=\"presentation\" aria-hidden=\"true\" focusable=\"false\" width=\"24\" height=\"24\" class=\"card-post__meta-icon svg-icon\" xmlns=\"http:\/\/www.w3.org\/2000\/svg\" viewbox=\"0 0 24 24\"><path d=\"M11.988 2.989a.75.75 0 0 0-.739.761v10.689l-1.72-1.72a.75.75 0 0 0-.957-.099.75.75 0 0 0-.315.776c.031.146.104.28.211.384l3 3a.75.75 0 0 0 1.06 0l3-3a.76.76 0 0 0 .231-.533.74.74 0 0 0-.22-.538q-.108-.106-.247-.164c-.139-.058-.191-.057-.291-.056s-.198.022-.29.061-.174.097-.243.169l-1.72 1.72V3.75a.76.76 0 0 0-.22-.541.76.76 0 0 0-.542-.22zM5.75 8.5C4.24 8.5 3 9.74 3 11.25v7C3 19.76 4.24 21 5.75 21h12.5c1.51 0 2.75-1.24 2.75-2.75v-7c0-1.51-1.24-2.75-2.75-2.75h-3a.76.76 0 0 0-.537.216.74.74 0 0 0-.223.535.76.76 0 0 0 .223.535.74.74 0 0 0 .537.216h3c.699 0 1.25.551 1.25 1.25v7a1.24 1.24 0 0 1-1.25 1.25H5.75a1.24 1.24 0 0 1-1.25-1.25v-7c0-.699.551-1.25 1.25-1.25h3a.76.76 0 0 0 .537-.216.74.74 0 0 0 .223-.535.76.76 0 0 0-.223-.535.75.75 0 0 0-.537-.216z\" \/><\/svg>\t\t\t\t\t\t\t\t\t\t\t\t\t\t\t\t\t\t\t\t\t\t\t\t\t\t<span class=\"card-post__meta-text\"><span class=\"posted-on \"><time class=\"entry-date published\" datetime=\"2026-06-26T18:34:56+02:00\">26 juin 2026<\/time><\/span><\/span>\n\t\t\t\t\t\t\t\t\t\t\t\t\t\t\t\t\t\t\t\t\t\t\t\t<span class=\"card-post__meta-text\"><span class=\"reading-time\">2 min de lecture<\/span><\/span>\n\t\t\t\t\t\t\t\t\t\t\t\t\t\t\t\t\t\t<\/div>\n\t\t\n\t\t<p class=\"card-post__title h5\">\n\t\t\tPilotage financier nouvelle g\u00e9n\u00e9ration : l\u2019avantage concurrentiel 2027\t\t<\/p>\n\n\t\t\t<\/a>\n\t\n\t\n\t\t\n\t\n\t<\/article>\n\t\t\t\t\t<\/div>\n\t\t\t\t\n\t\t\t\t\t<div class=\"col col-6 col-lg-3 card-grid__item\">\n\t\t\t\t\t\t<article\n\t\tclass=\"card-post related-post related-post-3 post-29944 post type-post status-publish format-standard has-post-thumbnail hentry category-digitalisation-et-tendances tag-cabinet-expert-comptable tag-comptabilite tag-facture-electronique business_type-expertise-comptable industry-services\"\n>\n\t\t\t<a\n\t\t\tclass=\"card-post__link\"\n\t\t\thref=\"https:\/\/www.sage.com\/fr-fr\/blog\/expert-comptable-desamorcer-embouteillage-septembre-facture-electronique\/\"\n\t\t\t\t\t>\n\t\t\t<figure class=\"card-post__media\">\n\t\t\t\t\t\t\t<img decoding=\"async\" width=\"684\" height=\"384\" src=\"https:\/\/www.sage.com\/fr-fr\/blog\/wp-content\/uploads\/sites\/4\/2022\/04\/GettyImages-909599970-684x384.jpg\" class=\"card-post__image\" alt=\"Facture \u00e9lectronique : \u00e9viter l\u2019embouteillage de septembre\" loading=\"lazy\" srcset=\"https:\/\/www.sage.com\/fr-fr\/blog\/wp-content\/uploads\/sites\/4\/2022\/04\/GettyImages-909599970-684x384.jpg 684w, https:\/\/www.sage.com\/fr-fr\/blog\/wp-content\/uploads\/sites\/4\/2022\/04\/GettyImages-909599970-768x432.jpg 768w, https:\/\/www.sage.com\/fr-fr\/blog\/wp-content\/uploads\/sites\/4\/2022\/04\/GettyImages-909599970-1440x810.jpg 1440w\" sizes=\"auto, (min-width: 48em) 250px, (min-width: 30em) 100vw, 100vw\" \/>\t\t\t\n\t\t\t\n\t\t\t\t\t<\/figure>\n\n\t\t\n\t\t\t\t\t<div class=\"card-post__meta\">\n\t\t\t\t\t\t\t\t\t\t\t\t\t\t\t\t\t\t\t\t\t\t\t\t\t\t<span class=\"card-post__meta-text\"><span class=\"posted-on \"><time class=\"entry-date published\" datetime=\"2026-06-25T10:00:00+02:00\">25 juin 2026<\/time><\/span><\/span>\n\t\t\t\t\t\t\t\t\t\t\t\t\t\t\t\t\t\t\t\t\t\t\t\t<span class=\"card-post__meta-text\"><span class=\"reading-time\">6 min de lecture<\/span><\/span>\n\t\t\t\t\t\t\t\t\t\t\t\t\t\t\t\t\t\t<\/div>\n\t\t\n\t\t<p class=\"card-post__title h5\">\n\t\t\tFacture \u00e9lectronique : dicter le tempo client pour \u00e9viter l\u2019embouteillage de septembre\t\t<\/p>\n\n\t\t\t<\/a>\n\t\n\t\n\t\t\n\t\n\t<\/article>\n\t\t\t\t\t<\/div>\n\t\t\t\t\n\t\t\t\t\t<div class=\"col col-6 col-lg-3 card-grid__item\">\n\t\t\t\t\t\t<article\n\t\tclass=\"card-post related-post related-post-4 post-30009 post type-post status-publish format-standard has-post-thumbnail hentry category-legal-et-reglementation tag-comptabilite tag-facture-electronique business_type-artisans-et-petites-entreprises business_type-petites-et-moyennes-entreprises industry-btp industry-industrie industry-negoce industry-services\"\n>\n\t\t\t<a\n\t\t\tclass=\"card-post__link\"\n\t\t\thref=\"https:\/\/www.sage.com\/fr-fr\/blog\/code-de-routage-l-adresse-electronique-indispensable\/\"\n\t\t\t\t\t>\n\t\t\t<figure class=\"card-post__media\">\n\t\t\t\t\t\t\t<img decoding=\"async\" width=\"684\" height=\"384\" src=\"https:\/\/www.sage.com\/fr-fr\/blog\/wp-content\/uploads\/sites\/4\/2022\/04\/GettyImages-965461824-684x384.jpg\" class=\"card-post__image\" alt=\"Code de routage : l\u2019adresse \u00e9lectronique indispensable I Sage Advice France\" loading=\"lazy\" srcset=\"https:\/\/www.sage.com\/fr-fr\/blog\/wp-content\/uploads\/sites\/4\/2022\/04\/GettyImages-965461824-684x384.jpg 684w, https:\/\/www.sage.com\/fr-fr\/blog\/wp-content\/uploads\/sites\/4\/2022\/04\/GettyImages-965461824-768x432.jpg 768w, https:\/\/www.sage.com\/fr-fr\/blog\/wp-content\/uploads\/sites\/4\/2022\/04\/GettyImages-965461824-1440x810.jpg 1440w\" sizes=\"auto, (min-width: 48em) 250px, (min-width: 30em) 100vw, 100vw\" \/>\t\t\t\n\t\t\t\n\t\t\t\t\t<\/figure>\n\n\t\t\n\t\t\t\t\t<div class=\"card-post__meta\">\n\t\t\t\t\t\t\t\t\t\t\t\t\t\t\t\t\t\t\t\t\t\t\t\t\t\t<span class=\"card-post__meta-text\"><span class=\"posted-on \"><time class=\"entry-date published\" datetime=\"2026-06-24T10:00:00+02:00\">24 juin 2026<\/time><\/span><\/span>\n\t\t\t\t\t\t\t\t\t\t\t\t\t\t\t\t\t\t\t\t\t\t\t\t<span class=\"card-post__meta-text\"><span class=\"reading-time\">5 min de lecture<\/span><\/span>\n\t\t\t\t\t\t\t\t\t\t\t\t\t\t\t\t\t\t<\/div>\n\t\t\n\t\t<p class=\"card-post__title h5\">\n\t\t\tCode de routage : l\u2019adresse indispensable pour vos factures \u00e9lectroniques\t\t<\/p>\n\n\t\t\t<\/a>\n\t\n\t\n\t\t\n\t\n\t<\/article>\n\t\t\t\t\t<\/div>\n\t\t\t\t\t\t\t<\/div>\n\t\t\t<\/div>\n<\/section>\n<\/div>\n","protected":false},"excerpt":{"rendered":"<p>Ne vous y trompez pas une facture proforma n\u2019est pas une facture\u00a0! D\u00e9couvrez tout ce qu\u2019il faut savoir sur ce document. Qu\u2019est-ce qu\u2019une facture proforma ? Une facture proforma est un document commercial provisoire envoy\u00e9 par un vendeur \u00e0 un client avant la transaction d\u00e9finitive. Elle d\u00e9taille les produits ou services propos\u00e9s, les quantit\u00e9s, les [&hellip;]<\/p>\n","protected":false},"author":1589,"featured_media":0,"template":"","meta":{"_sage_video":false,"footnotes":""},"tags":[70,41],"class_list":["post-19905","sage_glossary","type-sage_glossary","status-publish","hentry","tag-comptabilite","tag-tresorerie"],"distributor_meta":false,"distributor_terms":false,"distributor_media":false,"distributor_original_site_name":"Sage Advice France","distributor_original_site_url":"https:\/\/www.sage.com\/fr-fr\/blog","push-errors":false,"_links":{"self":[{"href":"https:\/\/www.sage.com\/fr-fr\/blog\/api\/wp\/v2\/sage_glossary\/19905","targetHints":{"allow":["GET"]}}],"collection":[{"href":"https:\/\/www.sage.com\/fr-fr\/blog\/api\/wp\/v2\/sage_glossary"}],"about":[{"href":"https:\/\/www.sage.com\/fr-fr\/blog\/api\/wp\/v2\/types\/sage_glossary"}],"author":[{"embeddable":true,"href":"https:\/\/www.sage.com\/fr-fr\/blog\/api\/wp\/v2\/users\/1589"}],"version-history":[{"count":0,"href":"https:\/\/www.sage.com\/fr-fr\/blog\/api\/wp\/v2\/sage_glossary\/19905\/revisions"}],"wp:attachment":[{"href":"https:\/\/www.sage.com\/fr-fr\/blog\/api\/wp\/v2\/media?parent=19905"}],"wp:term":[{"taxonomy":"post_tag","embeddable":true,"href":"https:\/\/www.sage.com\/fr-fr\/blog\/api\/wp\/v2\/tags?post=19905"}],"curies":[{"name":"wp","href":"https:\/\/api.w.org\/{rel}","templated":true}]}}